{"id":934,"date":"2022-03-08T16:25:55","date_gmt":"2022-03-08T15:25:55","guid":{"rendered":"https:\/\/www.souillacenjazz.fr\/new\/?page_id=934"},"modified":"2023-11-13T15:13:02","modified_gmt":"2023-11-13T14:13:02","slug":"status-de-lassociation","status":"publish","type":"page","link":"https:\/\/www.souillacenjazz.fr\/new\/autour-du-festival\/lassociation\/licence-statuts-reglement\/status-de-lassociation\/","title":{"rendered":"Statuts de l&#8217;association"},"content":{"rendered":"\n<p><strong>ASSOCIATION POUR LE FESTIVAL DE JAZZ \u00ab SIM COPANS \u00bb DE SOUILLAC<\/strong><br><em>(Loi du 1er juillet 1901)<\/em><\/p>\n\n\n\n<p><strong>Article 1<\/strong><br>Il est fond\u00e9 entre les adh\u00e9rents aux pr\u00e9sents statuts une association r\u00e9gie par la loi du 1<sup>er<\/sup> juillet 1901 et le d\u00e9cret du 16 ao\u00fbt 1901, ayant pour titre\u00a0: ASSOCIATION POUR LE FESTIVAL DE JAZZ \u00ab\u00a0SIM COPANS\u00a0\u00bb DE SOUILLAC.<br><br><strong>Article 2<\/strong><br>Cette association a pour but d\u2019organiser chaque ann\u00e9e, des manifestations publiques de jazz ayant un caract\u00e8re populaire dont notamment un festival de jazz pendant la saison d\u2019\u00e9t\u00e9 (Souillac en jazz).<br><br><strong>Article 3<\/strong> \u2013<strong> Si\u00e8ge social<\/strong><br>Le si\u00e8ge social est fix\u00e9 \u00e0 l\u2019Office de Tourisme du Pays de Souillac, Boulevard Louis-Jean Malvy, T\u00e9l\u00e9phone\u00a0: 05 65 37 04 93.<br>Il pourra \u00eatre transf\u00e9r\u00e9 par simple d\u00e9cision du conseil d\u2019administration\u00a0; la ratification par l\u2019assembl\u00e9e g\u00e9n\u00e9rale sera n\u00e9cessaire.<br><br><strong>Article 4<\/strong><br>L\u2019association se compose de\u00a0:<br>a)\u00a0\u00a0\u00a0\u00a0\u00a0 Membres d\u2019honneur<br>b)\u00a0\u00a0\u00a0\u00a0\u00a0 Membres bienfaiteurs<br>c)\u00a0\u00a0\u00a0\u00a0\u00a0 Membres actifs<br><br><strong>Article 5 \u2013 Admission<\/strong><br>Pour faire partie de l\u2019association, il faut \u00eatre agr\u00e9\u00e9 par le bureau qui statue, lors de chacune de ses r\u00e9unions, sur les demandes d\u2019admission pr\u00e9sent\u00e9es.<br><br><strong>Article 6<\/strong> <strong>\u2013 Les membres<\/strong><br>Sont membres d\u2019honneur ceux qui ont rendu des services signal\u00e9s \u00e0 l\u2019association. Sont membres bienfaiteurs, les personnes qui versent un don. Sont membres actifs ceux qui participent au long de l\u2019ann\u00e9e ou pendant le festival aux travaux de pr\u00e9paration et de r\u00e9alisation des manifestations d\u00e9sign\u00e9es \u00e0 l\u2019article 2.<br><br><strong>Article 7 \u2013 Radiations<\/strong><br>La qualit\u00e9 de membre se perd par\u00a0:<br>a)\u00a0\u00a0\u00a0\u00a0\u00a0 La d\u00e9mission,<br>b)\u00a0\u00a0\u00a0\u00a0\u00a0 Le d\u00e9c\u00e8s,<br>c)\u00a0\u00a0\u00a0\u00a0\u00a0 La radiation prononc\u00e9e par le conseil d\u2019administration pour motif grave, l\u2019int\u00e9ress\u00e9 ayant \u00e9t\u00e9 invit\u00e9 par lettre recommand\u00e9e \u00e0 se pr\u00e9senter devant le bureau pour fournir des explications.<br><br><strong>Article<\/strong> <strong>8<\/strong><br>Les ressources de l\u2019association comprennent\u00a0:<br>a)\u00a0\u00a0\u00a0\u00a0\u00a0 Le montant des dons,<br>b)\u00a0\u00a0\u00a0\u00a0\u00a0 Les subventions des organismes publics, collectivit\u00e9s territoriales et locales,<br>c)\u00a0\u00a0\u00a0\u00a0\u00a0 Les recettes provenant du parrainage et du m\u00e9c\u00e9nat,<br>d)\u00a0\u00a0\u00a0\u00a0\u00a0 Les produits recouvr\u00e9s lors des manifestations.<br><br><strong>Article 9 \u2013 Conseil d\u2019administration<\/strong><br>L\u2019association est dirig\u00e9e par un conseil de 25 membres au maximum et de 15 au minimum, \u00e9lus pour deux ann\u00e9es par l\u2019assembl\u00e9e g\u00e9n\u00e9rale. Les membres sont r\u00e9\u00e9ligibles.<br>Le conseil d\u2019administration choisit parmi ses membres un bureau compos\u00e9 d\u2019au plus\u00a0:<br>a)\u00a0\u00a0\u00a0\u00a0\u00a0 Un(e) pr\u00e9sident(e),<br>b)\u00a0\u00a0\u00a0\u00a0\u00a0 Deux vice-pr\u00e9sident(e)s,<br>c)\u00a0\u00a0\u00a0\u00a0\u00a0 Un(e) secr\u00e9taire et un(e) secr\u00e9taire adjoint(e),<br>d)\u00a0\u00a0\u00a0\u00a0\u00a0 Un(e) tr\u00e9sorier(e) et un(e) tr\u00e9sorier(e) adjoint(e).<br><br>En cas de vacances, le conseil pourvoit provisoirement au remplacement de ses membres. Il est proc\u00e9d\u00e9 \u00e0 leur remplacement d\u00e9finitif par la plus prochaine assembl\u00e9e g\u00e9n\u00e9rale. Les pouvoirs des membres ainsi \u00e9lus prennent fin \u00e0 l\u2019\u00e9poque o\u00f9 devrait normalement expirer le mandat des membres remplac\u00e9s.<br><br><strong>Article 10 \u2013 R\u00e9union du conseil d\u2019administration<\/strong><br>Le conseil d\u2019administration se r\u00e9unit une fois au moins tous les 6 mois, sur convocation du pr\u00e9sident, ou sur demande du quart de ses membres.<br>Les d\u00e9cisions sont prises \u00e0 la majorit\u00e9 des voix\u00a0; en cas de partage, le voix du pr\u00e9sident est pr\u00e9pond\u00e9rante.<br>Tout membre du comit\u00e9 qui, sans excuse, n\u2019aura pas assist\u00e9 \u00e0 trois r\u00e9unions cons\u00e9cutives, pourra \u00eatre consid\u00e9r\u00e9 comme d\u00e9missionnaire.<br>Nul ne peut faire partie du conseil s\u2019il n\u2019est pas majeur.<br><br><strong>Article 11 \u2013 Assembl\u00e9e g\u00e9n\u00e9rale ordinaire<\/strong><br>L\u2019assembl\u00e9e g\u00e9n\u00e9rale ordinaire comprend tous les membres de l\u2019association \u00e0 quelque titre qu\u2019ils soient affili\u00e9s.<br>L\u2019assembl\u00e9e g\u00e9n\u00e9rale ordinaire se r\u00e9unit chaque ann\u00e9e au mois de d\u00e9cembre.<br>Quinze jours au moins avant la date fix\u00e9e, les membres de l\u2019association sont convoqu\u00e9s par les soins du (de la) secr\u00e9taire.<br>L\u2019ordre du jour est indiqu\u00e9 sur les convocations.<br>Le (la) pr\u00e9sident(e), assist\u00e9(e) des membres du comit\u00e9, pr\u00e9side l\u2019assembl\u00e9e et expose la situation morale de l\u2019association.<br>Le (la) tr\u00e9sorier(e) rend compte de sa gestion et soumet le bilan \u00e0 l\u2019approbation de l\u2019assembl\u00e9e. L\u2019exercice comptable commence chaque ann\u00e9e le premier d\u00e9cembre. Il doit \u00eatre clos le 30 novembre de l\u2019ann\u00e9e suivante.<br>Ne devront \u00eatre trait\u00e9es, lors de l\u2019assembl\u00e9e g\u00e9n\u00e9rale, que les questions soumises \u00e0 l\u2019ordre du jour.<br>Toute d\u00e9cision prise par l\u2019assembl\u00e9e g\u00e9n\u00e9rale devra \u00eatre vot\u00e9e \u00e0 la majorit\u00e9 absolue des membres pr\u00e9sents, ou ayant d\u00e9l\u00e9gu\u00e9 leurs pouvoirs.<br><br><strong>Article 12 \u2013 Assembl\u00e9e g\u00e9n\u00e9rale extraordinaire<\/strong><br>Si besoin est, ou sur la demande de la moiti\u00e9 plus un des membres inscrits, le pr\u00e9sident peut convoquer une assembl\u00e9e g\u00e9n\u00e9rale extraordinaire, suivant les formalit\u00e9s pr\u00e9vues par l\u2019article 11.<br><br><strong>Article 13 \u2013 R\u00e8glement int\u00e9rieur<\/strong><br>Un r\u00e8glement int\u00e9rieur peut \u00eatre \u00e9tabli par le conseil d\u2019administration qui le fait alors approuver par l\u2019assembl\u00e9e g\u00e9n\u00e9rale. Ce r\u00e8glement \u00e9ventuel est destin\u00e9 \u00e0 fixer les divers points non pr\u00e9vus par les statuts, notamment ceux qui ont trait \u00e0 l\u2019administration interne de l\u2019association.<br><br><strong>Article 14 \u2013 Dissolution<\/strong><br>En cas de dissolution prononc\u00e9e par les deux tiers au moins des membres pr\u00e9sents \u00e0 l\u2019assembl\u00e9e g\u00e9n\u00e9rale, un ou plusieurs liquidateurs sont nomm\u00e9s par celle-ci et l\u2019actif, s\u2019il y a lieu, est d\u00e9volu conform\u00e9ment \u00e0 l\u2019article 9 de la loi du 1<sup>er<\/sup> juillet 1901 et au d\u00e9cret du 16 ao\u00fbt 1901.<\/p>\n","protected":false},"excerpt":{"rendered":"<p>ASSOCIATION POUR LE FESTIVAL DE JAZZ \u00ab SIM COPANS \u00bb DE SOUILLAC(Loi du 1er juillet 1901) Article 1Il<\/p>\n","protected":false},"author":1,"featured_media":927,"parent":926,"menu_order":0,"comment_status":"closed","ping_status":"closed","template":"","meta":{"om_disable_all_campaigns":false,"cybocfi_hide_featured_image":"","_vp_format_video_url":"","_vp_image_focal_point":[],"footnotes":""},"class_list":["post-934","page","type-page","status-publish","has-post-thumbnail","hentry"],"_links":{"self":[{"href":"https:\/\/www.souillacenjazz.fr\/new\/wp-json\/wp\/v2\/pages\/934","targetHints":{"allow":["GET"]}}],"collection":[{"href":"https:\/\/www.souillacenjazz.fr\/new\/wp-json\/wp\/v2\/pages"}],"about":[{"href":"https:\/\/www.souillacenjazz.fr\/new\/wp-json\/wp\/v2\/types\/page"}],"author":[{"embeddable":true,"href":"https:\/\/www.souillacenjazz.fr\/new\/wp-json\/wp\/v2\/users\/1"}],"replies":[{"embeddable":true,"href":"https:\/\/www.souillacenjazz.fr\/new\/wp-json\/wp\/v2\/comments?post=934"}],"version-history":[{"count":4,"href":"https:\/\/www.souillacenjazz.fr\/new\/wp-json\/wp\/v2\/pages\/934\/revisions"}],"predecessor-version":[{"id":4404,"href":"https:\/\/www.souillacenjazz.fr\/new\/wp-json\/wp\/v2\/pages\/934\/revisions\/4404"}],"up":[{"embeddable":true,"href":"https:\/\/www.souillacenjazz.fr\/new\/wp-json\/wp\/v2\/pages\/926"}],"wp:featuredmedia":[{"embeddable":true,"href":"https:\/\/www.souillacenjazz.fr\/new\/wp-json\/wp\/v2\/media\/927"}],"wp:attachment":[{"href":"https:\/\/www.souillacenjazz.fr\/new\/wp-json\/wp\/v2\/media?parent=934"}],"curies":[{"name":"wp","href":"https:\/\/api.w.org\/{rel}","templated":true}]}}