{"id":932,"date":"2022-03-08T16:22:31","date_gmt":"2022-03-08T15:22:31","guid":{"rendered":"https:\/\/www.souillacenjazz.fr\/new\/?page_id=932"},"modified":"2022-03-08T16:22:31","modified_gmt":"2022-03-08T15:22:31","slug":"le-reglement-interieur","status":"publish","type":"page","link":"https:\/\/www.souillacenjazz.fr\/new\/autour-du-festival\/lassociation\/licence-statuts-reglement\/le-reglement-interieur\/","title":{"rendered":"Le r\u00e8glement int\u00e9rieur"},"content":{"rendered":"\n<p><strong>R\u00e8glement int\u00e9rieur<br>Association pour le Festival de Jazz \u00ab Sim Copans \u00bb de Souillac<\/strong><\/p>\n\n\n\n<div class=\"wp-block-kadence-image kb-image_b4fc3b-bd\"><figure class=\"alignleft size-medium\"><img loading=\"lazy\" decoding=\"async\" width=\"300\" height=\"300\" src=\"https:\/\/www.souillacenjazz.fr\/new\/wp-content\/uploads\/2022\/03\/paper-logo-300x300.jpg\" alt=\"\" class=\"kb-img wp-image-927\" srcset=\"https:\/\/www.souillacenjazz.fr\/new\/wp-content\/uploads\/2022\/03\/paper-logo-300x300.jpg 300w, https:\/\/www.souillacenjazz.fr\/new\/wp-content\/uploads\/2022\/03\/paper-logo-1024x1024.jpg 1024w, https:\/\/www.souillacenjazz.fr\/new\/wp-content\/uploads\/2022\/03\/paper-logo-150x150.jpg 150w, https:\/\/www.souillacenjazz.fr\/new\/wp-content\/uploads\/2022\/03\/paper-logo-768x768.jpg 768w, https:\/\/www.souillacenjazz.fr\/new\/wp-content\/uploads\/2022\/03\/paper-logo-1536x1536.jpg 1536w, https:\/\/www.souillacenjazz.fr\/new\/wp-content\/uploads\/2022\/03\/paper-logo.jpg 1978w\" sizes=\"auto, (max-width: 300px) 100vw, 300px\" \/><\/figure><\/div>\n\n\n\n<p>Le pr\u00e9sent r\u00e8glement int\u00e9rieur a pour but de pr\u00e9ciser le fonctionnement de l\u2019Association pour le Festival de Jazz \u00ab&nbsp;Sim Copans&nbsp;\u00bb de Souillac dans le cadre de ses statuts. Il a \u00e9t\u00e9 adopt\u00e9 en assembl\u00e9e g\u00e9n\u00e9rale, le 10 d\u00e9cembre 2011. Il est remis \u00e0 l\u2019ensemble des membres ainsi qu\u2019\u00e0 chaque nouvel adh\u00e9rent qui signeront un re\u00e7u pr\u00e9cisant qu&#8217;ils en ont pris connaissance et l&#8217;ont accept\u00e9.<br><br><strong>Organisation de l&#8217;association<\/strong><br>L\u2019Association a vu le jour en 1975, une vingtaine de membres constituait le Conseil d\u2019Administration. En 1985, le nom de Sim Copans, un de ses cr\u00e9ateurs est adjoint au nom de l\u2019association par la volont\u00e9 de ses membres. En 36 ans, l\u2019association s\u2019est structur\u00e9e, \u00e9toff\u00e9e, responsabilis\u00e9e parall\u00e8lement \u00e0 la r\u00e9glementation aff\u00e9rente \u00e0 son activit\u00e9. Elle tient r\u00e9guli\u00e8rement des r\u00e9unions de l\u2019ensemble des membres actifs disponibles hors saison et son assembl\u00e9e g\u00e9n\u00e9rale ordinaire en d\u00e9cembre de chaque ann\u00e9e conform\u00e9ment \u00e0 ses statuts. Les comptes rendus sont adress\u00e9s dor\u00e9navant par mail aux membres et par courrier \u00e0 certains. Le tr\u00e9sorier est charg\u00e9 des comptes, des op\u00e9rations bancaires, tenue de livres, paiements, le secr\u00e9taire est charg\u00e9 des proc\u00e8s verbaux de r\u00e9unions et de l\u2019organisation des \u00e9lections notamment. Le pr\u00e9sident repr\u00e9sente l\u2019association aupr\u00e8s des \u00e9lus et de certains partenaires priv\u00e9s et peut d\u00e9l\u00e9guer toute ou partie de son r\u00f4le. Il d\u00e9tient par ailleurs en nom propre la licence d\u2019entrepreneur de spectacle n\u00b0 3-1040202 valable jusqu\u2019au 22 octobre 2013, ne lui permettant pas d\u2019avoir des salari\u00e9s en interne comme en externe. Par ailleurs l\u2019association est r\u00e9f\u00e9renc\u00e9e SIRET 337 810 105 000 11 et APE 9001Z.<br><br><strong>Les modalit\u00e9s d\u2019adh\u00e9sion<\/strong><br>La demande d\u2019adh\u00e9sion \u00e0 l\u2019association est soumise \u00e0 l\u2019\u00e9tude de la commission charg\u00e9e de la gestion des b\u00e9n\u00e9voles qui transmettra ses conclusions au bureau charg\u00e9 de statuer.<br>Chaque adh\u00e9rent doit fournir chaque ann\u00e9e une attestation de responsabilit\u00e9 civile fournie par son assureur avant le 1<sup>er<\/sup> juin de l\u2019ann\u00e9e en cours.<br>Les membres de l\u2019association doivent \u00eatre \u00e2g\u00e9s d\u2019au moins 16 ans.<br>Les enfants des adultes membres de l\u2019association peuvent \u00eatre associ\u00e9s \u00e0 certaines activit\u00e9s sous la responsabilit\u00e9 exclusive de leurs parents et conform\u00e9ment \u00e0 la l\u00e9gislation des mineurs.<br><br><strong>Les activit\u00e9s<\/strong><br>Les membres de l\u2019association \u0153uvrent au d\u00e9roulement des manifestations organis\u00e9es par l\u2019association.&nbsp; Ils sont \u00e9galement amen\u00e9s \u00e0 participer \u00e0 des manifestations associatives locales \u00e0 d\u2019autres p\u00e9riodes&nbsp;: forum des associations, f\u00eate de la musique, qui engagent un partenariat avec l\u2019association.<br>Les membres de l\u2019association peuvent participer \u00e0 des commissions selon leurs aspirations et leurs comp\u00e9tences. Les commissions travaillent ind\u00e9pendamment et rendent compte de l\u2019avanc\u00e9e des travaux lors des r\u00e9unions mensuelles pendant lesquelles sont prises les d\u00e9cisions par vote.<br>Lors du festival sont constitu\u00e9es des \u00e9quipes&nbsp;; les responsables de chaque \u00e9quipe sont r\u00e9unis chaque jour pour l\u2019organisation des t\u00e2ches au quotidien.<br><br><strong>Le fonctionnement<\/strong><br>Chaque mois, les membres de l\u2019association sont convi\u00e9s \u00e0 une r\u00e9union. A l\u2019approche de la date du festival, les r\u00e9unions sont plus fr\u00e9quentes.<br>La date de chaque r\u00e9union figure en fin de chaque compte rendu de la r\u00e9union pr\u00e9c\u00e9dente.<br>Chaque membre est inform\u00e9 de l\u2019ordre du jour. En cas d\u2019absence \u00e0 la r\u00e9union, il peut communiquer par \u00e9crit ses observations.<br>Toute question non inscrite \u00e0&nbsp; l\u2019ordre du jour ne pourra \u00eatre trait\u00e9e au cours de la r\u00e9union o\u00f9 elle est pos\u00e9e sauf cas d\u2019extr\u00eame urgence. Elle sera inscrite \u00e0 l\u2019ordre du jour d\u2019une prochaine r\u00e9union.<br>Lors de l\u2019assembl\u00e9e g\u00e9n\u00e9rale, les membres de l\u2019association votent pour \u00e9lire les membres du Conseil d\u2019Administration. Chaque membre de l\u2019association peut \u00eatre porteur d\u2019une seule procuration.<br>Le Conseil d\u2019administration \u00e9lit un bureau qui ne pourra pas \u00eatre compos\u00e9 d\u2019\u00e9lus territoriaux ni municipaux. Pour \u00eatre \u00e9lu au bureau, il faut \u00eatre majeur.<br>Le bureau se r\u00e9unit pour traiter des questions d\u2019ordre juridique, financier et conform\u00e9ment aux statuts. Il est garant de l\u2019application du r\u00e8glement int\u00e9rieur.<br><br><strong>Les d\u00e9placements et remboursements sur frais<\/strong><br>Les membres de l\u2019association peuvent \u00eatre amen\u00e9s \u00e0 se d\u00e9placer \u00e0 la demande et pour le compte de l\u2019association. Cette derni\u00e8re participe aux frais de d\u00e9placement \u00e0 l\u2019euro l\u2019euro sur justificatif.<br>Les membres de l\u2019association peuvent \u00eatre amen\u00e9s \u00e0 faire des achats \u00e0 la demande et pour le compte de l\u2019association&nbsp;; ils sont rembours\u00e9s \u00e0 l\u2019euro l\u2019euro sur justificatif.<br><br><strong>Les mat\u00e9riels et locaux<\/strong><br>Tout membre de l\u2019association peut utiliser le local et le mat\u00e9riel de l\u2019association pour le fonctionnement de l\u2019association. Il suffit d\u2019en informer un membre du bureau ou le responsable \u00ab&nbsp;r\u00e9gie&nbsp;\u00bb. L\u2019utilisation du mat\u00e9riel informatique est r\u00e9serv\u00e9e au fonctionnement de l\u2019association.<br><br>La radiation<br>Conform\u00e9ment aux statuts, un adh\u00e9rent peut \u00eatre exclu pour les motifs suivants :<\/p>\n\n\n\n<ul class=\"wp-block-list\"><li>d\u00e9gradation de mat\u00e9riels<\/li><li>comportement&nbsp; dangereux<\/li><li>comportement non conforme \u00e0 l&#8217;\u00e9thique de l&#8217;association<\/li><li>propos d\u00e9sobligeants<\/li><li>non respect des statuts et du r\u00e8glement int\u00e9rieur<\/li><\/ul>\n\n\n\n<p>L&#8217;exclusion est d\u00e9cid\u00e9e par le Conseil d&#8217;Administration suivant les modalit\u00e9s de l\u2019article 7 des statuts.<br><br><strong>L\u2019assurance<\/strong><br>L\u2019association souscrit une assurance aupr\u00e8s de l\u2019assurance Aviva, \u00e0 Souillac. La liste des b\u00e9n\u00e9voles est d\u00e9pos\u00e9e aupr\u00e8s de l\u2019assureur au plus tard la veille du d\u00e9but du festival.<br>Chaque membre de l\u2019association doit fournir une attestation de responsabilit\u00e9 civile avant le 1er juin de l\u2019ann\u00e9e en cours.<br><br><strong>Participation \u00e0 la vie de l&#8217;association : b\u00e9n\u00e9volat<\/strong><br>Le b\u00e9n\u00e9volat est un acte volontaire.<br>L\u2019association participe \u00e0 la formation des b\u00e9n\u00e9voles selon les besoins de son fonctionnement.<\/p>\n","protected":false},"excerpt":{"rendered":"<p>R\u00e8glement int\u00e9rieurAssociation pour le Festival de Jazz \u00ab Sim Copans \u00bb de Souillac Le pr\u00e9sent r\u00e8glement int\u00e9rieur a<\/p>\n","protected":false},"author":1,"featured_media":927,"parent":926,"menu_order":0,"comment_status":"closed","ping_status":"closed","template":"","meta":{"om_disable_all_campaigns":false,"cybocfi_hide_featured_image":"","_vp_format_video_url":"","_vp_image_focal_point":[],"footnotes":""},"class_list":["post-932","page","type-page","status-publish","has-post-thumbnail","hentry"],"_links":{"self":[{"href":"https:\/\/www.souillacenjazz.fr\/new\/wp-json\/wp\/v2\/pages\/932","targetHints":{"allow":["GET"]}}],"collection":[{"href":"https:\/\/www.souillacenjazz.fr\/new\/wp-json\/wp\/v2\/pages"}],"about":[{"href":"https:\/\/www.souillacenjazz.fr\/new\/wp-json\/wp\/v2\/types\/page"}],"author":[{"embeddable":true,"href":"https:\/\/www.souillacenjazz.fr\/new\/wp-json\/wp\/v2\/users\/1"}],"replies":[{"embeddable":true,"href":"https:\/\/www.souillacenjazz.fr\/new\/wp-json\/wp\/v2\/comments?post=932"}],"version-history":[{"count":1,"href":"https:\/\/www.souillacenjazz.fr\/new\/wp-json\/wp\/v2\/pages\/932\/revisions"}],"predecessor-version":[{"id":933,"href":"https:\/\/www.souillacenjazz.fr\/new\/wp-json\/wp\/v2\/pages\/932\/revisions\/933"}],"up":[{"embeddable":true,"href":"https:\/\/www.souillacenjazz.fr\/new\/wp-json\/wp\/v2\/pages\/926"}],"wp:featuredmedia":[{"embeddable":true,"href":"https:\/\/www.souillacenjazz.fr\/new\/wp-json\/wp\/v2\/media\/927"}],"wp:attachment":[{"href":"https:\/\/www.souillacenjazz.fr\/new\/wp-json\/wp\/v2\/media?parent=932"}],"curies":[{"name":"wp","href":"https:\/\/api.w.org\/{rel}","templated":true}]}}