{"id":2495,"date":"2022-04-25T19:49:54","date_gmt":"2022-04-25T17:49:54","guid":{"rendered":"https:\/\/www.souillacenjazz.fr\/new\/?page_id=2495"},"modified":"2025-07-29T15:07:28","modified_gmt":"2025-07-29T13:07:28","slug":"ticketmaster","status":"publish","type":"page","link":"https:\/\/www.souillacenjazz.fr\/new\/autres-points-de-vente\/ticketmaster\/","title":{"rendered":"Ticketmaster"},"content":{"rendered":"<div class=\"wp-block-image\">\n<figure class=\"alignleft size-full\"><img loading=\"lazy\" decoding=\"async\" width=\"320\" height=\"180\" src=\"https:\/\/www.souillacenjazz.fr\/new\/wp-content\/uploads\/2022\/04\/gd2_1623101652-7176.jpg\" alt=\"\" class=\"wp-image-2496\" srcset=\"https:\/\/www.souillacenjazz.fr\/new\/wp-content\/uploads\/2022\/04\/gd2_1623101652-7176.jpg 320w, https:\/\/www.souillacenjazz.fr\/new\/wp-content\/uploads\/2022\/04\/gd2_1623101652-7176-300x169.jpg 300w\" sizes=\"auto, (max-width: 320px) 100vw, 320px\" \/><figcaption class=\"wp-element-caption\"><br><\/figcaption><\/figure>\n<\/div>\n\n\n<p><\/p>\n\n\n\n<p class=\"has-black-color has-vivid-red-background-color has-text-color has-background has-large-font-size\">Achat de billets : <br>r\u00e9servation en ligne &#8211;><strong> ICI<\/strong><\/p>\n\n\n\n<div style=\"height:24px\" aria-hidden=\"true\" class=\"wp-block-spacer\"><\/div>\n\n\n\n<h5 class=\"wp-block-heading\">magasins du r\u00e9seau Ticketmaster :<\/h5>\n\n\n\n<p><\/p>\n\n\n\n<p><strong>E-LECLERC<\/strong>, (Souillac, Gramat, Sarlat, \u2026)<br>AUCHAN,<br>VIRGIN,<br>GALERIE LAFAYETTE,<br>CULTURA,&nbsp; &#8230;<\/p>\n\n\n\n<p><\/p>\n\n\n\n<p><\/p>\n\n\n\n<p><\/p>\n\n\n\n<p><\/p>\n\n\n\n<figure class=\"wp-block-table is-style-stripes\"><table class=\"has-text-color has-fixed-layout\" style=\"color:#757575\"><tbody><tr><td>Dimanche 13<\/td><td>\u00e9glise de Cal\u00e8s<\/td><\/tr><tr><td>Mardi 15<\/td><td>grottes de Lacave&nbsp;<\/td><\/tr><tr><td>Jeudi 17<\/td><td>place Pierre Betz \u00e0 Souillac &nbsp;&nbsp;<\/td><\/tr><tr><td>Vendredi 18<\/td><td>place Pierre Betz \u00e0 Souillac<\/td><\/tr><tr><td>Samedi 19<\/td><td>place Pierre Betz \u00e0 Souillac<\/td><\/tr><tr><td><br><br><em><strong>Les billets ne seront ni repris ni \u00e9chang\u00e9s !<\/strong><\/em><\/td><\/tr><\/tbody><\/table><\/figure>\n\n\n\n<p><strong>tarif r\u00e9duit<\/strong><br>&#8211; b\u00e9n\u00e9ficiaires des minima sociaux (RSA, ASS, AAH, ATA, AER)<br>&#8211; b\u00e9n\u00e9ficiaires de la carte \u00e9tudiant.<br>&#8211; jeunes de 12 \u00e0 21 ans inclus pour les concerts des jeudi, vendredi et samedi<br>&#8211; pas de tarif r\u00e9duit le dimanche \u00e0 Cal\u00e8s et le mardi \u00e0 Lacave.<br>&#8211; pas de r\u00e9duction demandeurs d\u2019emploi et personnes handicap\u00e9s (sauf s\u2019ils sont b\u00e9n\u00e9ficiaires de l\u2019ATA, l\u2019ASS,l\u2019AER ou l\u2019AAH)<br>&#8211; entr\u00e9e gratuite pour les moins de 12 ans les jeudi, vendredi et samedi<br>pour tous ces publics, contr\u00f4le des justificatifs \u00e0 l\u2019entr\u00e9e.<\/p>\n","protected":false},"excerpt":{"rendered":"<p>Billets en ligne<\/p>\n","protected":false},"author":1,"featured_media":2496,"parent":3084,"menu_order":0,"comment_status":"closed","ping_status":"closed","template":"","meta":{"om_disable_all_campaigns":false,"cybocfi_hide_featured_image":"","_vp_format_video_url":"","_vp_image_focal_point":{"x":"0.45","y":"0.51"},"footnotes":""},"class_list":["post-2495","page","type-page","status-publish","has-post-thumbnail","hentry"],"_links":{"self":[{"href":"https:\/\/www.souillacenjazz.fr\/new\/wp-json\/wp\/v2\/pages\/2495","targetHints":{"allow":["GET"]}}],"collection":[{"href":"https:\/\/www.souillacenjazz.fr\/new\/wp-json\/wp\/v2\/pages"}],"about":[{"href":"https:\/\/www.souillacenjazz.fr\/new\/wp-json\/wp\/v2\/types\/page"}],"author":[{"embeddable":true,"href":"https:\/\/www.souillacenjazz.fr\/new\/wp-json\/wp\/v2\/users\/1"}],"replies":[{"embeddable":true,"href":"https:\/\/www.souillacenjazz.fr\/new\/wp-json\/wp\/v2\/comments?post=2495"}],"version-history":[{"count":20,"href":"https:\/\/www.souillacenjazz.fr\/new\/wp-json\/wp\/v2\/pages\/2495\/revisions"}],"predecessor-version":[{"id":5438,"href":"https:\/\/www.souillacenjazz.fr\/new\/wp-json\/wp\/v2\/pages\/2495\/revisions\/5438"}],"up":[{"embeddable":true,"href":"https:\/\/www.souillacenjazz.fr\/new\/wp-json\/wp\/v2\/pages\/3084"}],"wp:featuredmedia":[{"embeddable":true,"href":"https:\/\/www.souillacenjazz.fr\/new\/wp-json\/wp\/v2\/media\/2496"}],"wp:attachment":[{"href":"https:\/\/www.souillacenjazz.fr\/new\/wp-json\/wp\/v2\/media?parent=2495"}],"curies":[{"name":"wp","href":"https:\/\/api.w.org\/{rel}","templated":true}]}}