{"id":2492,"date":"2022-04-25T19:44:03","date_gmt":"2022-04-25T17:44:03","guid":{"rendered":"https:\/\/www.souillacenjazz.fr\/new\/?page_id=2492"},"modified":"2022-12-02T10:21:05","modified_gmt":"2022-12-02T09:21:05","slug":"festik","status":"publish","type":"page","link":"https:\/\/www.souillacenjazz.fr\/new\/billeterie\/billetterie-en-ligne\/festik\/","title":{"rendered":"Festik"},"content":{"rendered":"<div class=\"wp-block-image\">\n<figure class=\"alignleft size-medium is-resized\"><a href=\"https:\/\/souillac-en-jazz.festik.net\/\" target=\"_blank\" rel=\"noopener\"><img loading=\"lazy\" decoding=\"async\" src=\"https:\/\/www.souillacenjazz.fr\/new\/wp-content\/uploads\/2022\/03\/Logo-Festik-300x300.jpg\" alt=\"\" class=\"wp-image-634\" width=\"259\" height=\"259\" srcset=\"https:\/\/www.souillacenjazz.fr\/new\/wp-content\/uploads\/2022\/03\/Logo-Festik-300x300.jpg 300w, https:\/\/www.souillacenjazz.fr\/new\/wp-content\/uploads\/2022\/03\/Logo-Festik-150x150.jpg 150w, https:\/\/www.souillacenjazz.fr\/new\/wp-content\/uploads\/2022\/03\/Logo-Festik.jpg 600w\" sizes=\"auto, (max-width: 259px) 100vw, 259px\" \/><\/a><figcaption class=\"wp-element-caption\"><br><\/figcaption><\/figure>\n<\/div>\n\n\n<p><\/p>\n\n\n\n<p>FESTIK : Notre billetterie en ligne<\/p>\n\n\n\n<p><\/p>\n\n\n\n<p><\/p>\n\n\n\n<p><\/p>\n\n\n\n<p><\/p>\n\n\n\n<p><\/p>\n\n\n\n<p><\/p>\n\n\n\n<figure class=\"wp-block-table is-style-stripes\"><table class=\"has-text-color has-fixed-layout\" style=\"color:#757575\"><tbody><tr><td>Dimanche 16<\/td><td>\u00e9glise de Cal\u00e8s<\/td><\/tr><tr><td>Mardi 18<\/td><td>grottes de Lacave&nbsp;<\/td><\/tr><tr><td>Jeudi 20<\/td><td>place Pierre Betz \u00e0 Souillac &nbsp;&nbsp;<\/td><\/tr><tr><td>Vendredi 21<\/td><td>place Pierre Betz \u00e0 Souillac<\/td><\/tr><tr><td>Samedi 22<\/td><td>place Pierre Betz \u00e0 Souillac<\/td><\/tr><tr><td><br><br><em><strong>Les billets ne seront ni repris ni \u00e9chang\u00e9s !<\/strong><\/em><\/td><\/tr><\/tbody><\/table><\/figure>\n\n\n\n<p><strong>tarif r\u00e9duit<\/strong><br>&#8211; b\u00e9n\u00e9ficiaires des minima sociaux (RSA, ASS, AAH, ATA, AER) \u2014\u2014- b\u00e9n\u00e9ficiaires de la carte \u00e9tudiant.<br>&#8211; jeunes de 12 \u00e0 21 ans inclus pour les concerts des jeudi, vendredi et samedi<br>&#8211; pas de tarif r\u00e9duit le dimanche \u00e0 Cal\u00e8s et le mardi \u00e0 Lacave.<br>&#8211; pas de r\u00e9duction demandeurs d\u2019emploi et personnes handicap\u00e9s (sauf s\u2019ils sont b\u00e9n\u00e9ficiaires de l\u2019ATA, l\u2019ASS,l\u2019AER ou l\u2019AAH)<br>&#8211; entr\u00e9e gratuite pour les moins de 12 ans les jeudi, vendredi et samedi<br>pour tous ces publics, contr\u00f4le des justificatifs \u00e0 l\u2019entr\u00e9e.<\/p>\n","protected":false},"excerpt":{"rendered":"<p>FESTIK : Notre billetterie en ligne<\/p>\n","protected":false},"author":1,"featured_media":634,"parent":633,"menu_order":0,"comment_status":"closed","ping_status":"closed","template":"","meta":{"om_disable_all_campaigns":false,"cybocfi_hide_featured_image":"","_vp_format_video_url":"","_vp_image_focal_point":[],"footnotes":""},"class_list":["post-2492","page","type-page","status-publish","has-post-thumbnail","hentry"],"_links":{"self":[{"href":"https:\/\/www.souillacenjazz.fr\/new\/wp-json\/wp\/v2\/pages\/2492","targetHints":{"allow":["GET"]}}],"collection":[{"href":"https:\/\/www.souillacenjazz.fr\/new\/wp-json\/wp\/v2\/pages"}],"about":[{"href":"https:\/\/www.souillacenjazz.fr\/new\/wp-json\/wp\/v2\/types\/page"}],"author":[{"embeddable":true,"href":"https:\/\/www.souillacenjazz.fr\/new\/wp-json\/wp\/v2\/users\/1"}],"replies":[{"embeddable":true,"href":"https:\/\/www.souillacenjazz.fr\/new\/wp-json\/wp\/v2\/comments?post=2492"}],"version-history":[{"count":4,"href":"https:\/\/www.souillacenjazz.fr\/new\/wp-json\/wp\/v2\/pages\/2492\/revisions"}],"predecessor-version":[{"id":3067,"href":"https:\/\/www.souillacenjazz.fr\/new\/wp-json\/wp\/v2\/pages\/2492\/revisions\/3067"}],"up":[{"embeddable":true,"href":"https:\/\/www.souillacenjazz.fr\/new\/wp-json\/wp\/v2\/pages\/633"}],"wp:featuredmedia":[{"embeddable":true,"href":"https:\/\/www.souillacenjazz.fr\/new\/wp-json\/wp\/v2\/media\/634"}],"wp:attachment":[{"href":"https:\/\/www.souillacenjazz.fr\/new\/wp-json\/wp\/v2\/media?parent=2492"}],"curies":[{"name":"wp","href":"https:\/\/api.w.org\/{rel}","templated":true}]}}