{"id":2167,"date":"2022-04-12T01:07:01","date_gmt":"2022-04-11T23:07:01","guid":{"rendered":"https:\/\/www.souillacenjazz.fr\/new\/?page_id=2167"},"modified":"2022-04-12T01:07:02","modified_gmt":"2022-04-11T23:07:02","slug":"plan-du-site","status":"publish","type":"page","link":"https:\/\/www.souillacenjazz.fr\/new\/plan-du-site\/","title":{"rendered":"Plan du site"},"content":{"rendered":"<div class=\"wsp-container\"><h2 class=\"wsp-pages-title\">Pages<\/h2>\n<ul class=\"wsp-pages-list\">\n<li class=\"page_item page-item-2186\"><a href=\"https:\/\/www.souillacenjazz.fr\/new\/acces-benevoles\/\">Acc\u00e8s b\u00e9n\u00e9voles<\/a><\/li>\n<li class=\"page_item page-item-35\"><a href=\"https:\/\/www.souillacenjazz.fr\/new\/\">Accueil<\/a><\/li>\n<li class=\"page_item page-item-188 current_page_parent\"><a href=\"https:\/\/www.souillacenjazz.fr\/new\/articles\/\">Articles<\/a><\/li>\n<li class=\"page_item page-item-730 page_item_has_children\"><a href=\"https:\/\/www.souillacenjazz.fr\/new\/autour-du-festival\/\">Autour du festival<\/a>\n<ul class='children'>\n\t<li class=\"page_item page-item-732 page_item_has_children\"><a href=\"https:\/\/www.souillacenjazz.fr\/new\/autour-du-festival\/lassociation\/\">L&#8217;association<\/a>\n\t<ul class='children'>\n\t\t<li class=\"page_item page-item-739\"><a href=\"https:\/\/www.souillacenjazz.fr\/new\/autour-du-festival\/lassociation\/lesprit-du-festival\/\">L\u2019esprit du festival<\/a><\/li>\n\t\t<li class=\"page_item page-item-937\"><a href=\"https:\/\/www.souillacenjazz.fr\/new\/autour-du-festival\/lassociation\/le-developpement-durable-a-souillac-en-jazz\/\">Le d\u00e9veloppement durable \u00e0 Souillac en jazz<\/a><\/li>\n\t\t<li class=\"page_item page-item-818 page_item_has_children\"><a href=\"https:\/\/www.souillacenjazz.fr\/new\/autour-du-festival\/lassociation\/les-benevoles\/\">Les b\u00e9n\u00e9voles<\/a>\n\t\t<ul class='children'>\n\t\t\t<li class=\"page_item page-item-821\"><a href=\"https:\/\/www.souillacenjazz.fr\/new\/autour-du-festival\/lassociation\/les-benevoles\/lorganigramme\/\">L&#8217;organigramme<\/a><\/li>\n\t\t\t<li class=\"page_item page-item-848\"><a href=\"https:\/\/www.souillacenjazz.fr\/new\/autour-du-festival\/lassociation\/les-benevoles\/photos-de-benevoles\/\">Photos de b\u00e9n\u00e9voles<\/a><\/li>\n\t\t<\/ul>\n<\/li>\n\t\t<li class=\"page_item page-item-926 page_item_has_children\"><a href=\"https:\/\/www.souillacenjazz.fr\/new\/autour-du-festival\/lassociation\/licence-statuts-reglement\/\">Licence \/ Statuts \/ R\u00e8glement<\/a>\n\t\t<ul class='children'>\n\t\t\t<li class=\"page_item page-item-929\"><a href=\"https:\/\/www.souillacenjazz.fr\/new\/autour-du-festival\/lassociation\/licence-statuts-reglement\/la-licence\/\">La licence<\/a><\/li>\n\t\t\t<li class=\"page_item page-item-932\"><a href=\"https:\/\/www.souillacenjazz.fr\/new\/autour-du-festival\/lassociation\/licence-statuts-reglement\/le-reglement-interieur\/\">Le r\u00e8glement int\u00e9rieur<\/a><\/li>\n\t\t\t<li class=\"page_item page-item-934\"><a href=\"https:\/\/www.souillacenjazz.fr\/new\/autour-du-festival\/lassociation\/licence-statuts-reglement\/status-de-lassociation\/\">Statuts de l&#8217;association<\/a><\/li>\n\t\t<\/ul>\n<\/li>\n\t<\/ul>\n<\/li>\n\t<li class=\"page_item page-item-975\"><a href=\"https:\/\/www.souillacenjazz.fr\/new\/autour-du-festival\/la-jazzette\/\">La jazzette<\/a><\/li>\n\t<li class=\"page_item page-item-1132 page_item_has_children\"><a href=\"https:\/\/www.souillacenjazz.fr\/new\/autour-du-festival\/la-revue-de-presse\/\">La revue de presse<\/a>\n\t<ul class='children'>\n\t\t<li class=\"page_item page-item-5666\"><a href=\"https:\/\/www.souillacenjazz.fr\/new\/autour-du-festival\/la-revue-de-presse\/que-dit-la-presse-en-2026\/\">Que dit la presse en 2026 ?<\/a><\/li>\n\t\t<li class=\"page_item page-item-5183\"><a href=\"https:\/\/www.souillacenjazz.fr\/new\/autour-du-festival\/la-revue-de-presse\/que-dit-la-presse-en-2025\/\">Que dit la presse en 2025 ?<\/a><\/li>\n\t\t<li class=\"page_item page-item-4516\"><a href=\"https:\/\/www.souillacenjazz.fr\/new\/autour-du-festival\/la-revue-de-presse\/que-dit-la-presse-en-2024\/\">Que dit la presse en 2024 ?<\/a><\/li>\n\t\t<li class=\"page_item page-item-3240\"><a href=\"https:\/\/www.souillacenjazz.fr\/new\/autour-du-festival\/la-revue-de-presse\/que-dit-la-presse-en-2023\/\">Que dit la presse en 2023 ?<\/a><\/li>\n\t\t<li class=\"page_item page-item-1145\"><a href=\"https:\/\/www.souillacenjazz.fr\/new\/autour-du-festival\/la-revue-de-presse\/que-dit-la-presse-en-2022-2\/\">Que dit la presse en 2021 ?<\/a><\/li>\n\t\t<li class=\"page_item page-item-1136\"><a href=\"https:\/\/www.souillacenjazz.fr\/new\/autour-du-festival\/la-revue-de-presse\/que-dit-la-presse-en-2022\/\">Que dit la presse en 2022 ?<\/a><\/li>\n\t\t<li class=\"page_item page-item-1183\"><a href=\"https:\/\/www.souillacenjazz.fr\/new\/autour-du-festival\/la-revue-de-presse\/que-dit-la-presse-en-2020\/\">Que dit la presse en 2020 ?<\/a><\/li>\n\t\t<li class=\"page_item page-item-1188\"><a href=\"https:\/\/www.souillacenjazz.fr\/new\/autour-du-festival\/la-revue-de-presse\/que-dit-la-presse-en-2019\/\">Que dit la presse en 2019 ?<\/a><\/li>\n\t\t<li class=\"page_item page-item-1191\"><a href=\"https:\/\/www.souillacenjazz.fr\/new\/autour-du-festival\/la-revue-de-presse\/que-dit-la-presse-en-2018\/\">Que dit la presse en 2018 ?<\/a><\/li>\n\t\t<li class=\"page_item page-item-1196\"><a href=\"https:\/\/www.souillacenjazz.fr\/new\/autour-du-festival\/la-revue-de-presse\/que-dit-la-presse-en-2017\/\">Que dit la presse en 2017 ?<\/a><\/li>\n\t\t<li class=\"page_item page-item-1199\"><a href=\"https:\/\/www.souillacenjazz.fr\/new\/autour-du-festival\/la-revue-de-presse\/que-dit-la-presse-en-2016\/\">Que dit la presse en 2016 ?<\/a><\/li>\n\t\t<li class=\"page_item page-item-1202\"><a href=\"https:\/\/www.souillacenjazz.fr\/new\/autour-du-festival\/la-revue-de-presse\/que-dit-la-presse-en-2015\/\">Que dit la presse en 2015 ?<\/a><\/li>\n\t<\/ul>\n<\/li>\n\t<li class=\"page_item page-item-1205 page_item_has_children\"><a href=\"https:\/\/www.souillacenjazz.fr\/new\/autour-du-festival\/les-galeries\/\">Les Affiches du festival<\/a>\n\t<ul class='children'>\n\t\t<li class=\"page_item page-item-1207\"><a href=\"https:\/\/www.souillacenjazz.fr\/new\/autour-du-festival\/les-galeries\/les-affiches-du-festival\/\">Les affiches depuis la cr\u00e9ation<\/a><\/li>\n\t<\/ul>\n<\/li>\n\t<li class=\"page_item page-item-941\"><a href=\"https:\/\/www.souillacenjazz.fr\/new\/autour-du-festival\/les-festivals\/\">Les Festivals du LOT<\/a><\/li>\n\t<li class=\"page_item page-item-972\"><a href=\"https:\/\/www.souillacenjazz.fr\/new\/autour-du-festival\/les-partenaires\/\">Les partenaires<\/a><\/li>\n\t<li class=\"page_item page-item-3080\"><a href=\"https:\/\/www.souillacenjazz.fr\/new\/autour-du-festival\/mecenat\/\">M\u00e9c\u00e9nat<\/a><\/li>\n\t<li class=\"page_item page-item-773 page_item_has_children\"><a href=\"https:\/\/www.souillacenjazz.fr\/new\/autour-du-festival\/sim-copans\/\">Sim Copans<\/a>\n\t<ul class='children'>\n\t\t<li class=\"page_item page-item-796\"><a href=\"https:\/\/www.souillacenjazz.fr\/new\/autour-du-festival\/sim-copans\/2012-centenaire-de-la-naissance-de-sim-copans\/\">2012 : centenaire de la naissance de Sim Copans<\/a><\/li>\n\t\t<li class=\"page_item page-item-784\"><a href=\"https:\/\/www.souillacenjazz.fr\/new\/autour-du-festival\/sim-copans\/dossier-de-presse-du-centenaire-sim-copans-2012\/\">Dossier de presse du Centenaire Sim Copans &#8211; 2012<\/a><\/li>\n\t\t<li class=\"page_item page-item-781\"><a href=\"https:\/\/www.souillacenjazz.fr\/new\/autour-du-festival\/sim-copans\/une-biographie-de-sim-copans-sur-le-site-de-jazz-hot\/\">Une biographie de Sim Copans Sur le site de Jazz Hot<\/a><\/li>\n\t\t<li class=\"page_item page-item-803\"><a href=\"https:\/\/www.souillacenjazz.fr\/new\/autour-du-festival\/sim-copans\/une-biographie-de-sim-copans-par-robert-peyrillou\/\">Une biographie de Sim Copans par Robert Peyrillou<\/a><\/li>\n\t\t<li class=\"page_item page-item-799\"><a href=\"https:\/\/www.souillacenjazz.fr\/new\/autour-du-festival\/sim-copans\/jean-copans\/\">Jean Copans<\/a><\/li>\n\t<\/ul>\n<\/li>\n<\/ul>\n<\/li>\n<li class=\"page_item page-item-3084 page_item_has_children\"><a href=\"https:\/\/www.souillacenjazz.fr\/new\/autres-points-de-vente\/\">Autres points de vente<\/a>\n<ul class='children'>\n\t<li class=\"page_item page-item-2501 page_item_has_children\"><a href=\"https:\/\/www.souillacenjazz.fr\/new\/autres-points-de-vente\/points-de-vente\/\">Points de vente<\/a>\n\t<ul class='children'>\n\t\t<li class=\"page_item page-item-2511\"><a href=\"https:\/\/www.souillacenjazz.fr\/new\/autres-points-de-vente\/points-de-vente\/centres-leclerc\/\">Centres Leclerc<\/a><\/li>\n\t\t<li class=\"page_item page-item-2506\"><a href=\"https:\/\/www.souillacenjazz.fr\/new\/autres-points-de-vente\/points-de-vente\/le-point-doc-a-souillac\/\">Le Point d&#8217;Oc \u00e0 SOUILLAC<\/a><\/li>\n\t\t<li class=\"page_item page-item-2503\"><a href=\"https:\/\/www.souillacenjazz.fr\/new\/autres-points-de-vente\/points-de-vente\/par-courrier-a-partir-du-1er-mai\/\">Par courrier \u00e0 partir du 1er mai<\/a><\/li>\n\t<\/ul>\n<\/li>\n\t<li class=\"page_item page-item-2495\"><a href=\"https:\/\/www.souillacenjazz.fr\/new\/autres-points-de-vente\/ticketmaster\/\">Ticketmaster<\/a><\/li>\n<\/ul>\n<\/li>\n<li class=\"page_item page-item-637 page_item_has_children\"><a href=\"https:\/\/www.souillacenjazz.fr\/new\/billeterie\/\">Billetterie<\/a>\n<ul class='children'>\n\t<li class=\"page_item page-item-633 page_item_has_children\"><a href=\"https:\/\/www.souillacenjazz.fr\/new\/billeterie\/billetterie-en-ligne\/\">Billetterie en ligne<\/a>\n\t<ul class='children'>\n\t\t<li class=\"page_item page-item-2492\"><a href=\"https:\/\/www.souillacenjazz.fr\/new\/billeterie\/billetterie-en-ligne\/festik\/\">Festik<\/a><\/li>\n\t<\/ul>\n<\/li>\n<\/ul>\n<\/li>\n<li class=\"page_item page-item-528 page_item_has_children\"><a href=\"https:\/\/www.souillacenjazz.fr\/new\/boutique\/\">Boutique<\/a>\n<ul class='children'>\n\t<li class=\"page_item page-item-530\"><a href=\"https:\/\/www.souillacenjazz.fr\/new\/boutique\/histoires-deloges\/\">Histoires d&#8217;\u00e9loges<\/a><\/li>\n\t<li class=\"page_item page-item-534\"><a href=\"https:\/\/www.souillacenjazz.fr\/new\/boutique\/kind-of-black\/\">Kind of Black<\/a><\/li>\n<\/ul>\n<\/li>\n<li class=\"page_item page-item-3625\"><a href=\"https:\/\/www.souillacenjazz.fr\/new\/concerts-hors-saison\/\">Concerts hors saison<\/a><\/li>\n<li class=\"page_item page-item-1905 page_item_has_children\"><a href=\"https:\/\/www.souillacenjazz.fr\/new\/contacts\/\">Contacts<\/a>\n<ul class='children'>\n\t<li class=\"page_item page-item-1930\"><a href=\"https:\/\/www.souillacenjazz.fr\/new\/contacts\/accreditation-photographes\/\">Accr\u00e9ditation photographes<\/a><\/li>\n\t<li class=\"page_item page-item-1907\"><a href=\"https:\/\/www.souillacenjazz.fr\/new\/contacts\/direction-artistique-festival-in\/\">Direction artistique Festival In<\/a><\/li>\n\t<li class=\"page_item page-item-1924\"><a href=\"https:\/\/www.souillacenjazz.fr\/new\/contacts\/direction-artistique-festival-off\/\">Direction artistique Festival Off<\/a><\/li>\n\t<li class=\"page_item page-item-2780\"><a href=\"https:\/\/www.souillacenjazz.fr\/new\/contacts\/renseignements-divers\/\">Renseignements divers<\/a><\/li>\n\t<li class=\"page_item page-item-1939 page_item_has_children\"><a href=\"https:\/\/www.souillacenjazz.fr\/new\/contacts\/presse\/\">Presse<\/a>\n\t<ul class='children'>\n\t\t<li class=\"page_item page-item-1941 page_item_has_children\"><a href=\"https:\/\/www.souillacenjazz.fr\/new\/contacts\/presse\/dossier-de-presse\/\">Dossier de presse<\/a>\n\t\t<ul class='children'>\n\t\t\t<li class=\"page_item page-item-1967\"><a href=\"https:\/\/www.souillacenjazz.fr\/new\/contacts\/presse\/dossier-de-presse\/dossier-et-communiques-de-presse-2017\/\">Dossier et communiqu\u00e9s de presse 2017<\/a><\/li>\n\t\t\t<li class=\"page_item page-item-1963\"><a href=\"https:\/\/www.souillacenjazz.fr\/new\/contacts\/presse\/dossier-de-presse\/dossier-et-communiques-de-presse-2018\/\">Dossier et communiqu\u00e9s de presse 2018<\/a><\/li>\n\t\t\t<li class=\"page_item page-item-1959\"><a href=\"https:\/\/www.souillacenjazz.fr\/new\/contacts\/presse\/dossier-de-presse\/dossier-et-communiques-de-presse-2019\/\">Dossier et communiqu\u00e9s de presse 2019<\/a><\/li>\n\t\t\t<li class=\"page_item page-item-1955\"><a href=\"https:\/\/www.souillacenjazz.fr\/new\/contacts\/presse\/dossier-de-presse\/dossier-et-communiques-de-presse-2021\/\">Dossier et communiqu\u00e9s de presse 2021<\/a><\/li>\n\t\t\t<li class=\"page_item page-item-1948\"><a href=\"https:\/\/www.souillacenjazz.fr\/new\/contacts\/presse\/dossier-de-presse\/dossier-et-communiques-de-presse-2022\/\">Dossier et communiqu\u00e9s de presse 2022<\/a><\/li>\n\t\t\t<li class=\"page_item page-item-3410\"><a href=\"https:\/\/www.souillacenjazz.fr\/new\/contacts\/presse\/dossier-de-presse\/dossier-et-communiques-de-presse-2023\/\">Dossier et communiqu\u00e9s de presse 2023<\/a><\/li>\n\t\t<\/ul>\n<\/li>\n\t\t<li class=\"page_item page-item-1943 page_item_has_children\"><a href=\"https:\/\/www.souillacenjazz.fr\/new\/contacts\/presse\/photos-de-presse\/\">Photos de presse<\/a>\n\t\t<ul class='children'>\n\t\t\t<li class=\"page_item page-item-5639\"><a href=\"https:\/\/www.souillacenjazz.fr\/new\/contacts\/presse\/photos-de-presse\/photos-de-presse-2026\/\">Photos de presse 2026<\/a><\/li>\n\t\t\t<li class=\"page_item page-item-1978\"><a href=\"https:\/\/www.souillacenjazz.fr\/new\/contacts\/presse\/photos-de-presse\/un-lieu-magique\/\">Un lieu magique &#8230;<\/a><\/li>\n\t\t\t<li class=\"page_item page-item-5109\"><a href=\"https:\/\/www.souillacenjazz.fr\/new\/contacts\/presse\/photos-de-presse\/photos-de-presse-2025\/\">Photos de presse 2025<\/a><\/li>\n\t\t\t<li class=\"page_item page-item-4783\"><a href=\"https:\/\/www.souillacenjazz.fr\/new\/contacts\/presse\/photos-de-presse\/photos-de-presse-2024\/\">Photos de presse 2024<\/a><\/li>\n\t\t\t<li class=\"page_item page-item-3228\"><a href=\"https:\/\/www.souillacenjazz.fr\/new\/contacts\/presse\/photos-de-presse\/photos-de-presse-2023\/\">Photos de presse 2023<\/a><\/li>\n\t\t\t<li class=\"page_item page-item-1988\"><a href=\"https:\/\/www.souillacenjazz.fr\/new\/contacts\/presse\/photos-de-presse\/photos-de-presse-2022\/\">Photos de presse 2022<\/a><\/li>\n\t\t<\/ul>\n<\/li>\n\t<\/ul>\n<\/li>\n<\/ul>\n<\/li>\n<li class=\"page_item page-item-466\"><a href=\"https:\/\/www.souillacenjazz.fr\/new\/edito\/\">\u00e9dito<\/a><\/li>\n<li class=\"page_item page-item-474 page_item_has_children\"><a href=\"https:\/\/www.souillacenjazz.fr\/new\/hebergement-restauration\/\">H\u00e9bergement, restauration<\/a>\n<ul class='children'>\n\t<li class=\"page_item page-item-479\"><a href=\"https:\/\/www.souillacenjazz.fr\/new\/hebergement-restauration\/ou-manger\/\">O\u00f9 manger ?<\/a><\/li>\n\t<li class=\"page_item page-item-505\"><a href=\"https:\/\/www.souillacenjazz.fr\/new\/hebergement-restauration\/ou-poser-ses-valises\/\">O\u00f9 poser ses valises ?<\/a><\/li>\n<\/ul>\n<\/li>\n<li class=\"page_item page-item-3218\"><a href=\"https:\/\/www.souillacenjazz.fr\/new\/ils-sont-venus-a-souillac\/\">Ils sont venus \u00e0 Souillac<\/a><\/li>\n<li class=\"page_item page-item-1372\"><a href=\"https:\/\/www.souillacenjazz.fr\/new\/les-photos-du-festival\/\">Les photos du festival<\/a><\/li>\n<li class=\"page_item page-item-537 page_item_has_children\"><a href=\"https:\/\/www.souillacenjazz.fr\/new\/lieux-de-spectacles\/\">Lieux de spectacles<\/a>\n<ul class='children'>\n\t<li class=\"page_item page-item-559\"><a href=\"https:\/\/www.souillacenjazz.fr\/new\/lieux-de-spectacles\/plan-des-differents-lieux-dans-souillac\/\">Plan des diff\u00e9rents lieux dans Souillac<\/a><\/li>\n\t<li class=\"page_item page-item-539\"><a href=\"https:\/\/www.souillacenjazz.fr\/new\/lieux-de-spectacles\/souillac-46\/\">Souillac (46)<\/a><\/li>\n<\/ul>\n<\/li>\n<li class=\"page_item page-item-2144\"><a href=\"https:\/\/www.souillacenjazz.fr\/new\/mentions-legales\/\">Mentions l\u00e9gales<\/a><\/li>\n<li class=\"page_item page-item-2167\"><a href=\"https:\/\/www.souillacenjazz.fr\/new\/plan-du-site\/\">Plan du site<\/a><\/li>\n<li class=\"page_item page-item-2150\"><a href=\"https:\/\/www.souillacenjazz.fr\/new\/politique-de-confidentialite-2\/\">Politique de confidentialit\u00e9<\/a><\/li>\n<li class=\"page_item page-item-1376\"><a href=\"https:\/\/www.souillacenjazz.fr\/new\/portfolio\/\">Portfolio<\/a><\/li>\n<li class=\"page_item page-item-5599\"><a href=\"https:\/\/www.souillacenjazz.fr\/new\/programme-2026-complet\/\">Programme 2026 complet<\/a><\/li>\n<li class=\"page_item page-item-2296\"><a href=\"https:\/\/www.souillacenjazz.fr\/new\/reseau-jazz\/\">R\u00e9seau Jazz<\/a><\/li>\n<li class=\"page_item page-item-520\"><a href=\"https:\/\/www.souillacenjazz.fr\/new\/tarifs\/\">Tarifs 2025<\/a><\/li>\n<li class=\"page_item page-item-4487\"><a href=\"https:\/\/www.souillacenjazz.fr\/new\/tarifs-2026\/\">Tarifs 2026<\/a><\/li>\n<li class=\"page_item page-item-508 page_item_has_children\"><a href=\"https:\/\/www.souillacenjazz.fr\/new\/venir-au-festival\/\">Venir au Festival<\/a>\n<ul class='children'>\n\t<li class=\"page_item page-item-518\"><a href=\"https:\/\/www.souillacenjazz.fr\/new\/venir-au-festival\/plan-dacces\/\">Plan d\u2019acc\u00e8s<\/a><\/li>\n\t<li class=\"page_item page-item-512\"><a href=\"https:\/\/www.souillacenjazz.fr\/new\/venir-au-festival\/venir-au-festival-en-avion\/\">Venir au Festival en avion<\/a><\/li>\n\t<li class=\"page_item page-item-516\"><a href=\"https:\/\/www.souillacenjazz.fr\/new\/venir-au-festival\/venir-au-festival-en-bateau\/\">Venir au Festival en bateau !!!<\/a><\/li>\n\t<li class=\"page_item page-item-514\"><a href=\"https:\/\/www.souillacenjazz.fr\/new\/venir-au-festival\/venir-au-festival-par-la-route\/\">Venir au Festival par la route<\/a><\/li>\n\t<li class=\"page_item page-item-510\"><a href=\"https:\/\/www.souillacenjazz.fr\/new\/venir-au-festival\/venir-au-festival-par-le-train\/\">Venir au Festival par le train<\/a><\/li>\n<\/ul>\n<\/li>\n<\/ul>\n<h2 class=\"wsp-posts-title\">Posts by category<\/h2>\n<ul class=\"wsp-posts-list\">\n\t<li><strong class=\"wsp-category-title\">Category: <a href=\"https:\/\/www.souillacenjazz.fr\/new\/category\/a-la-une\/\">A la une<\/a><\/strong>\n<ul class=\"wsp-posts-list\">\t\t<li class=\"wsp-post\"><a href=\"https:\/\/www.souillacenjazz.fr\/new\/tremplin-scenes-ouvertes\/\">Tremplin &#8211; Sc\u00e8nes ouvertes<\/a><\/li>\n\t\t<li class=\"wsp-post\"><a href=\"https:\/\/www.souillacenjazz.fr\/new\/tangos-balkaniques\/\">TANGOS BALKANIQUES<\/a><\/li>\n<\/ul><\/li>\n\t<li><strong class=\"wsp-category-title\">Category: <a href=\"https:\/\/www.souillacenjazz.fr\/new\/category\/actualite\/\">Actualit\u00e9<\/a><\/strong>\n<ul class=\"wsp-posts-list\">\t\t<li class=\"wsp-post\"><a href=\"https:\/\/www.souillacenjazz.fr\/new\/tremplin-scenes-ouvertes\/\">Tremplin &#8211; Sc\u00e8nes ouvertes<\/a><\/li>\n\t\t<li class=\"wsp-post\"><a href=\"https:\/\/www.souillacenjazz.fr\/new\/tangos-balkaniques\/\">TANGOS BALKANIQUES<\/a><\/li>\n\t\t<li class=\"wsp-post\"><a href=\"https:\/\/www.souillacenjazz.fr\/new\/lassociation-des-amis-de-saint-jacques-a-cales\/\">L&#8217;association des Amis de Saint Jacques \u00e0 Cal\u00e8s<\/a><\/li>\n\t\t<li class=\"wsp-post\"><a href=\"https:\/\/www.souillacenjazz.fr\/new\/sortie-dun-dvd-sur-les-solos-de-joelle-leandre\/\">Sortie d&#8217;un DVD sur les solos de Jo\u00eblle L\u00e9andre en partie enregistr\u00e9 \u00e0 Cal\u00e8s en 2021<\/a><\/li>\n\t\t<li class=\"wsp-post\"><a href=\"https:\/\/www.souillacenjazz.fr\/new\/joelle-leandre-at-souillac-en-jazz-live-in-cales-church\/\">jo\u00eblle l\u00e9andre at souillac en jazz<\/a><\/li>\n<\/ul><\/li>\n\t<li><strong class=\"wsp-category-title\">Category: <a href=\"https:\/\/www.souillacenjazz.fr\/new\/category\/archives\/\">Archives<\/a><\/strong>\n<ul class=\"wsp-posts-list\">\t\t<li class=\"wsp-post\"><a href=\"https:\/\/www.souillacenjazz.fr\/new\/trio-senstress\/\">Trio Senstress<\/a><\/li>\n\t\t<li class=\"wsp-post\"><a href=\"https:\/\/www.souillacenjazz.fr\/new\/50-ans-de-jazz-a-souillac-1ere-partie-1976-2000\/\">50 ans de jazz \u00e0 Souillac &#8211; 1\u00e8re partie &#8211; 1976\/2000<\/a><\/li>\n\t\t<li class=\"wsp-post\"><a href=\"https:\/\/www.souillacenjazz.fr\/new\/une-voix-six-cordes-de-claude-a-nougaro\/\">Une voix, six cordes de Claude \u00e0 Nougaro<\/a><\/li>\n\t\t<li class=\"wsp-post\"><a href=\"https:\/\/www.souillacenjazz.fr\/new\/a-lannee-prochaine\/\">\u00e0 l&#8217;ann\u00e9e prochaine<\/a><\/li>\n\t\t<li class=\"wsp-post\"><a href=\"https:\/\/www.souillacenjazz.fr\/new\/programme-2025-complet\/\">Programme 2025 complet.<\/a><\/li>\n\t\t<li class=\"wsp-post\"><a href=\"https:\/\/www.souillacenjazz.fr\/new\/tout-sur-le-49eme-festival\/\">Pr\u00e9sentation du 49\u00e8me festival !<\/a><\/li>\n\t\t<li class=\"wsp-post\"><a href=\"https:\/\/www.souillacenjazz.fr\/new\/lot-of-jazz\/\">Lot of Jazz<\/a><\/li>\n\t\t<li class=\"wsp-post\"><a href=\"https:\/\/www.souillacenjazz.fr\/new\/le-jazz-en-courants-musique-de-jazz-et-bande-originale\/\">Le Jazz en courant[s] &#8211; Musique de jazz et bande originale &#8211;<\/a><\/li>\n\t\t<li class=\"wsp-post\"><a href=\"https:\/\/www.souillacenjazz.fr\/new\/exposition-la-peinture-est-la-musique-du-silence-de-jean-pierre-aerts\/\">Exposition \u00ab\u00a0La peinture est la musique du silence\u00a0\u00bb de Jean Pierre AERTS<\/a><\/li>\n\t\t<li class=\"wsp-post\"><a href=\"https:\/\/www.souillacenjazz.fr\/new\/rando-jazz-2025\/\">Rando Jazz &#8211; 2025<\/a><\/li>\n\t\t<li class=\"wsp-post\"><a href=\"https:\/\/www.souillacenjazz.fr\/new\/blue-giant\/\">Blue Giant<\/a><\/li>\n\t\t<li class=\"wsp-post\"><a href=\"https:\/\/www.souillacenjazz.fr\/new\/tdb-jazz-trio\/\">TDB Jazz trio<\/a><\/li>\n\t\t<li class=\"wsp-post\"><a href=\"https:\/\/www.souillacenjazz.fr\/new\/remi-dugue-trio\/\">R\u00e9mi Dugu\u00e9 trio<\/a><\/li>\n\t\t<li class=\"wsp-post\"><a href=\"https:\/\/www.souillacenjazz.fr\/new\/the-soul-jazz-rebels\/\">The Soul Jazz Rebels<\/a><\/li>\n\t\t<li class=\"wsp-post\"><a href=\"https:\/\/www.souillacenjazz.fr\/new\/four-b-big-band\/\">Four B (Big band)<\/a><\/li>\n\t\t<li class=\"wsp-post\"><a href=\"https:\/\/www.souillacenjazz.fr\/new\/lilbrass-band\/\">Lil&#8217;Brass Band<\/a><\/li>\n\t\t<li class=\"wsp-post\"><a href=\"https:\/\/www.souillacenjazz.fr\/new\/nubu\/\">NUBU<\/a><\/li>\n\t\t<li class=\"wsp-post\"><a href=\"https:\/\/www.souillacenjazz.fr\/new\/steve-coleman-the-five-elements\/\">Steve COLEMAN and Five Elements<\/a><\/li>\n\t\t<li class=\"wsp-post\"><a href=\"https:\/\/www.souillacenjazz.fr\/new\/laurent-bardainne-tigre-deau-douce\/\">Laurent BARDAINNE &amp; Tigre d\u2019Eau Douce<\/a><\/li>\n\t\t<li class=\"wsp-post\"><a href=\"https:\/\/www.souillacenjazz.fr\/new\/daniel-humair-benjamin-moussay-louis-sclavis\/\">HUMAIR  SCLAVIS  MOUSSAY trio<\/a><\/li>\n\t\t<li class=\"wsp-post\"><a href=\"https:\/\/www.souillacenjazz.fr\/new\/michel-godard-gregory-daltin\/\">Michel GODARD &amp; Gr\u00e9gory DALTIN<\/a><\/li>\n\t\t<li class=\"wsp-post\"><a href=\"https:\/\/www.souillacenjazz.fr\/new\/leila-olivesi\/\">Le\u00efla OLIVESI<\/a><\/li>\n\t\t<li class=\"wsp-post\"><a href=\"https:\/\/www.souillacenjazz.fr\/new\/notre-jazz-hotte\/\">Notre jazz HOTTE<\/a><\/li>\n\t\t<li class=\"wsp-post\"><a href=\"https:\/\/www.souillacenjazz.fr\/new\/le-jazz-en-courants-musique-de-jazz-et-musique-classique\/\">Le Jazz en courant[s] &#8211; Musique de jazz et musique classique &#8211;<\/a><\/li>\n\t\t<li class=\"wsp-post\"><a href=\"https:\/\/www.souillacenjazz.fr\/new\/antonio-lizanastochelo-rosenberg-hady-mouallemantonio-lizana\/\">Stochelo Rosenberg &amp; Hady Mouallem<\/a><\/li>\n\t\t<li class=\"wsp-post\"><a href=\"https:\/\/www.souillacenjazz.fr\/new\/flash-pig\/\">Flash Pig<\/a><\/li>\n\t\t<li class=\"wsp-post\"><a href=\"https:\/\/www.souillacenjazz.fr\/new\/michel-edelin-stephane-kerecki-duo\/\">Stephane Kerecki \u201cLiberation Songs\u201c<\/a><\/li>\n\t\t<li class=\"wsp-post\"><a href=\"https:\/\/www.souillacenjazz.fr\/new\/matthieu-chazarenc-quartet\/\">Matthieu Chazarenc Quartet<\/a><\/li>\n\t\t<li class=\"wsp-post\"><a href=\"https:\/\/www.souillacenjazz.fr\/new\/le-saxo-joue-avec-les-mots\/\">Le saxo joue avec les mots<\/a><\/li>\n\t\t<li class=\"wsp-post\"><a href=\"https:\/\/www.souillacenjazz.fr\/new\/vu-dans-citizen-jazz\/\">Vu dans Citizen Jazz<\/a><\/li>\n\t\t<li class=\"wsp-post\"><a href=\"https:\/\/www.souillacenjazz.fr\/new\/coup-de-coeur-robert\/\">Coup de C\u0153ur &#8220;Robert&#8221;<\/a><\/li>\n\t\t<li class=\"wsp-post\"><a href=\"https:\/\/www.souillacenjazz.fr\/new\/comptes-rendus-de-la-depeche-du-midi\/\">Comptes rendus de &#8220;La D\u00e9p\u00eache du Midi&#8221;<\/a><\/li>\n\t\t<li class=\"wsp-post\"><a href=\"https:\/\/www.souillacenjazz.fr\/new\/le-jazz-en-courants-tout-tout-tout-sur-le-48e-festival\/\">Le Jazz en courant[s] &#8211; Tout, tout, tout sur le 48e festival &#8211;<\/a><\/li>\n\t\t<li class=\"wsp-post\"><a href=\"https:\/\/www.souillacenjazz.fr\/new\/rando-jazz-2024\/\">Rando Jazz &#8211; 2024<\/a><\/li>\n\t\t<li class=\"wsp-post\"><a href=\"https:\/\/www.souillacenjazz.fr\/new\/le-jazz-en-courants-made-in-france\/\">Le Jazz en courant[s] &#8211; Made in France &#8211;<\/a><\/li>\n\t\t<li class=\"wsp-post\"><a href=\"https:\/\/www.souillacenjazz.fr\/new\/le-roc-images-du-concert-2\/\">Le Roc : images du concert<\/a><\/li>\n\t\t<li class=\"wsp-post\"><a href=\"https:\/\/www.souillacenjazz.fr\/new\/le-jazz-en-courants-made-in-word\/\">Le Jazz en courant[s] &#8211; Made in World-<\/a><\/li>\n\t\t<li class=\"wsp-post\"><a href=\"https:\/\/www.souillacenjazz.fr\/new\/dimanche-03-mars-2024-a-17h-au-palais-des-congres\/\">Benjamin BOBENRIETH trio, Hady MOUALLEM et Titi BAMBERGER<\/a><\/li>\n\t\t<li class=\"wsp-post\"><a href=\"https:\/\/www.souillacenjazz.fr\/new\/john-zorn-i-ii\/\">ZORN I \/ II<\/a><\/li>\n\t\t<li class=\"wsp-post\"><a href=\"https:\/\/www.souillacenjazz.fr\/new\/nooh-band\/\">Nooh Band<\/a><\/li>\n\t\t<li class=\"wsp-post\"><a href=\"https:\/\/www.souillacenjazz.fr\/new\/rose-betty-klub\/\">Rose Betty Klub<\/a><\/li>\n\t\t<li class=\"wsp-post\"><a href=\"https:\/\/www.souillacenjazz.fr\/new\/pepper-swing\/\">Pepper Swing<\/a><\/li>\n\t\t<li class=\"wsp-post\"><a href=\"https:\/\/www.souillacenjazz.fr\/new\/risha\/\">Risha<\/a><\/li>\n\t\t<li class=\"wsp-post\"><a href=\"https:\/\/www.souillacenjazz.fr\/new\/wonder-brass-quartet\/\">Wonder Brass Quartet<\/a><\/li>\n\t\t<li class=\"wsp-post\"><a href=\"https:\/\/www.souillacenjazz.fr\/new\/profitez-dune-reduction-de-4-euros-sur-les-tarifs-pleins-des-3-grands-concerts\/\">Jusqu&#8217;au 12 janvier, profitez d&#8217;une r\u00e9duction de 4 euros sur les billets tarifs pleins des 3 grands concerts<\/a><\/li>\n\t\t<li class=\"wsp-post\"><a href=\"https:\/\/www.souillacenjazz.fr\/new\/christelle-raquillet\/\">Christelle RAQUILLET<\/a><\/li>\n\t\t<li class=\"wsp-post\"><a href=\"https:\/\/www.souillacenjazz.fr\/new\/nosax-noclar\/\">NoSax NoClar<\/a><\/li>\n\t\t<li class=\"wsp-post\"><a href=\"https:\/\/www.souillacenjazz.fr\/new\/clement-janinet-concerto-pour-sokou\/\">Cl\u00e9ment JANINET &#8220;concerto pour sokou&#8221;<\/a><\/li>\n\t\t<li class=\"wsp-post\"><a href=\"https:\/\/www.souillacenjazz.fr\/new\/prospectus\/\">Prospectus<\/a><\/li>\n\t\t<li class=\"wsp-post\"><a href=\"https:\/\/www.souillacenjazz.fr\/new\/renaud-garcia-fons-luna-de-seda\/\">Renaud GARCIA-FONS &#8220;luna de seda&#8221;<\/a><\/li>\n\t\t<li class=\"wsp-post\"><a href=\"https:\/\/www.souillacenjazz.fr\/new\/cecile-mclorin-salvant\/\">C\u00e9cile McLORIN SALVANT<\/a><\/li>\n\t\t<li class=\"wsp-post\"><a href=\"https:\/\/www.souillacenjazz.fr\/new\/antonio-lizana\/\">Antonio Lizana<\/a><\/li>\n\t\t<li class=\"wsp-post\"><a href=\"https:\/\/www.souillacenjazz.fr\/new\/souillac-en-jazz-a-fait-decouvrir-le-beau-duo-rhizottome\/\">Souillac en Jazz a fait d\u00e9couvrir le beau duo &#8220;Rhizottome&#8221;<\/a><\/li>\n\t\t<li class=\"wsp-post\"><a href=\"https:\/\/www.souillacenjazz.fr\/new\/le-roc-images-du-concert\/\">Le Roc : images du concert<\/a><\/li>\n\t\t<li class=\"wsp-post\"><a href=\"https:\/\/www.souillacenjazz.fr\/new\/le-roc-concert-dans-leglise-le-30-septembre\/\">Le Roc : concert<\/a><\/li>\n\t\t<li class=\"wsp-post\"><a href=\"https:\/\/www.souillacenjazz.fr\/new\/le-jazz-en-courants-2\/\">Le Jazz en courant[s]<\/a><\/li>\n\t\t<li class=\"wsp-post\"><a href=\"https:\/\/www.souillacenjazz.fr\/new\/rhizottome\/\">Rhizottome<\/a><\/li>\n\t\t<li class=\"wsp-post\"><a href=\"https:\/\/www.souillacenjazz.fr\/new\/obradovic-tixier-duo\/\">Obradovic \u2013 Tixier duo<\/a><\/li>\n\t\t<li class=\"wsp-post\"><a href=\"https:\/\/www.souillacenjazz.fr\/new\/ariel-bart-trio\/\">Ariel Bart trio<\/a><\/li>\n\t\t<li class=\"wsp-post\"><a href=\"https:\/\/www.souillacenjazz.fr\/new\/madeleine-salomon\/\">Madeleine &amp; Salomon<\/a><\/li>\n\t\t<li class=\"wsp-post\"><a href=\"https:\/\/www.souillacenjazz.fr\/new\/vers-le-47-eme-festival\/\">Vers le 48 \u00e8me festival<\/a><\/li>\n\t\t<li class=\"wsp-post\"><a href=\"https:\/\/www.souillacenjazz.fr\/new\/programme-de-lanimation-2023\/\">Programme de l&#8217;animation 2023<\/a><\/li>\n\t\t<li class=\"wsp-post\"><a href=\"https:\/\/www.souillacenjazz.fr\/new\/geraldine-laurent-a-ete-recompensee-de-deux-victoires-du-jazz-victoire-de-lartiste-instrumentale-et-victoire-du-concert-pour-cooking-quelle-presentera-a-souillac-le-20-juillet-prochain\/\">G\u00e9raldine Laurent a \u00e9t\u00e9 r\u00e9compens\u00e9e de deux Victoires du jazz.<\/a><\/li>\n\t\t<li class=\"wsp-post\"><a href=\"https:\/\/www.souillacenjazz.fr\/new\/sortie-dun-dvd-sur-les-solos-de-joelle-leandre\/\">Sortie d&#8217;un DVD sur les solos de Jo\u00eblle L\u00e9andre en partie enregistr\u00e9 \u00e0 Cal\u00e8s en 2021<\/a><\/li>\n\t\t<li class=\"wsp-post\"><a href=\"https:\/\/www.souillacenjazz.fr\/new\/erik-truffaz-grand-prix-suisse-de-musique-2023\/\">Erik Truffaz  GRAND PRIX SUISSE DE MUSIQUE 2023<\/a><\/li>\n\t\t<li class=\"wsp-post\"><a href=\"https:\/\/www.souillacenjazz.fr\/new\/exposition-2023\/\">Exposition 2023<\/a><\/li>\n\t\t<li class=\"wsp-post\"><a href=\"https:\/\/www.souillacenjazz.fr\/new\/concert-paul-lay\/\">Concert Paul Lay<\/a><\/li>\n\t\t<li class=\"wsp-post\"><a href=\"https:\/\/www.souillacenjazz.fr\/new\/concert-lagrimas-azules\/\">Concert Lagrimas Azules<\/a><\/li>\n\t\t<li class=\"wsp-post\"><a href=\"https:\/\/www.souillacenjazz.fr\/new\/rando-jazz-2023\/\">Rando Jazz &#8211; 2023<\/a><\/li>\n\t\t<li class=\"wsp-post\"><a href=\"https:\/\/www.souillacenjazz.fr\/new\/autour-de-minuit\/\">Autour de minuit<\/a><\/li>\n\t\t<li class=\"wsp-post\"><a href=\"https:\/\/www.souillacenjazz.fr\/new\/lana-gray-all-that-jazz\/\">Lana Gray &#8220;All That Jazz&#8221;<\/a><\/li>\n\t\t<li class=\"wsp-post\"><a href=\"https:\/\/www.souillacenjazz.fr\/new\/tradescantia\/\">Tradescantia<\/a><\/li>\n\t\t<li class=\"wsp-post\"><a href=\"https:\/\/www.souillacenjazz.fr\/new\/le-jazz-en-courants\/\">Le Jazz en courant[s]<\/a><\/li>\n\t\t<li class=\"wsp-post\"><a href=\"https:\/\/www.souillacenjazz.fr\/new\/le-livre-du-jazz\/\">Le Livre du Jazz<\/a><\/li>\n\t\t<li class=\"wsp-post\"><a href=\"https:\/\/www.souillacenjazz.fr\/new\/new-vostok\/\">New Vostok<\/a><\/li>\n\t\t<li class=\"wsp-post\"><a href=\"https:\/\/www.souillacenjazz.fr\/new\/le-tout-puissant-tropical-orchestra\/\">Le Tout Puissant Tropical Orchestra<\/a><\/li>\n\t\t<li class=\"wsp-post\"><a href=\"https:\/\/www.souillacenjazz.fr\/new\/mystere-trio-quartet\/\">Myst\u00e8re Trio Quartet<\/a><\/li>\n\t\t<li class=\"wsp-post\"><a href=\"https:\/\/www.souillacenjazz.fr\/new\/bacrima-trio\/\">Bacrima Trio<\/a><\/li>\n\t\t<li class=\"wsp-post\"><a href=\"https:\/\/www.souillacenjazz.fr\/new\/the-jive-machine-trio\/\">Jive Machine Trio<\/a><\/li>\n\t\t<li class=\"wsp-post\"><a href=\"https:\/\/www.souillacenjazz.fr\/new\/meilleurs-voeux-pour-2023\/\">Meilleurs Voeux pour 2024<\/a><\/li>\n\t\t<li class=\"wsp-post\"><a href=\"https:\/\/www.souillacenjazz.fr\/new\/tarifs-preferentiels-pour-les-fetes-de-fin-dannee\/\">Tarifs pr\u00e9f\u00e9rentiels pour les f\u00eates de fin d\u2019ann\u00e9e<\/a><\/li>\n\t\t<li class=\"wsp-post\"><a href=\"https:\/\/www.souillacenjazz.fr\/new\/erik-truffaz-quintet-french-touch\/\">Erik TRUFFAZ Quintet \u00abRollin&#8217; &#038; Clap\u00bb<\/a><\/li>\n\t\t<li class=\"wsp-post\"><a href=\"https:\/\/www.souillacenjazz.fr\/new\/naissam-jalal-rhythms-of-resistance\/\">Na\u00efssam JALAL &#8211; Rhythms Of Resistance &#8211;<\/a><\/li>\n\t\t<li class=\"wsp-post\"><a href=\"https:\/\/www.souillacenjazz.fr\/new\/ishkero\/\">ISHKERO<\/a><\/li>\n\t\t<li class=\"wsp-post\"><a href=\"https:\/\/www.souillacenjazz.fr\/new\/geraldine-laurent-quartet-invite-mederic-collignon\/\">G\u00e9raldine LAURENT Quartet invite M\u00e9d\u00e9ric COLLIGNON<\/a><\/li>\n\t\t<li class=\"wsp-post\"><a href=\"https:\/\/www.souillacenjazz.fr\/new\/emilie-calme-laurent-maur-fantaisie-improbable-pour-flutes-et-harmonicas\/\">\u00c9milie CALM\u00c9 &amp; Laurent MAUR \u00ab Fantaisie Improbable pour fl\u00fbtes et harmonicas \u00bb<\/a><\/li>\n\t\t<li class=\"wsp-post\"><a href=\"https:\/\/www.souillacenjazz.fr\/new\/isabelle-olivier-smile\/\">Isabelle OLIVIER \u00abSmile\u00bb<\/a><\/li>\n\t\t<li class=\"wsp-post\"><a href=\"https:\/\/www.souillacenjazz.fr\/new\/nousvousesperons-encore-plus-nombreux\/\">Nous vous esp\u00e9rons encore plus nombreux en 2023<\/a><\/li>\n\t\t<li class=\"wsp-post\"><a href=\"https:\/\/www.souillacenjazz.fr\/new\/le-46e-festival-est-termine-a-lannee-prochaine-pour-le-47e\/\">Le 46e festival est termin\u00e9, \u00e0 l&#8217;ann\u00e9e prochaine pour le 47e<\/a><\/li>\n\t\t<li class=\"wsp-post\"><a href=\"https:\/\/www.souillacenjazz.fr\/new\/souillac-en-jazz-2022\/\">Souillac en jazz 2022<\/a><\/li>\n\t\t<li class=\"wsp-post\"><a href=\"https:\/\/www.souillacenjazz.fr\/new\/que-dit-la-presse-en-2022\/\">Que dit la presse en 2022<\/a><\/li>\n\t\t<li class=\"wsp-post\"><a href=\"https:\/\/www.souillacenjazz.fr\/new\/marie-laure-depaulis-une-conteuse-pour-enchanter-la-rando-jazz\/\">Marie Laure Depaulis, une conteuse pour enchanter la rando jazz<\/a><\/li>\n\t\t<li class=\"wsp-post\"><a href=\"https:\/\/www.souillacenjazz.fr\/new\/2563-2\/\">Le Jazz en courant[s]<\/a><\/li>\n\t\t<li class=\"wsp-post\"><a href=\"https:\/\/www.souillacenjazz.fr\/new\/exposition\/\">Exposition 2022<\/a><\/li>\n\t\t<li class=\"wsp-post\"><a href=\"https:\/\/www.souillacenjazz.fr\/new\/chloe-cailleton-leila-olivesi-duo\/\">Chlo\u00e9 Cailleton \/ Le\u00efla Olivesi Duo<\/a><\/li>\n\t\t<li class=\"wsp-post\"><a href=\"https:\/\/www.souillacenjazz.fr\/new\/le-jazz-en-courant-s\/\">Le Jazz en courant [s]<\/a><\/li>\n\t\t<li class=\"wsp-post\"><a href=\"https:\/\/www.souillacenjazz.fr\/new\/piazzolla-2021-louise-jallu-quartet\/\">Piazzolla 2021\u00a0Louise Jallu Quartet<\/a><\/li>\n\t\t<li class=\"wsp-post\"><a href=\"https:\/\/www.souillacenjazz.fr\/new\/joelle-leandre-at-souillac-en-jazz-live-in-cales-church\/\">jo\u00eblle l\u00e9andre at souillac en jazz<\/a><\/li>\n\t\t<li class=\"wsp-post\"><a href=\"https:\/\/www.souillacenjazz.fr\/new\/rando-jazz-2022\/\">Rando Jazz &#8211; 2022<\/a><\/li>\n\t\t<li class=\"wsp-post\"><a href=\"https:\/\/www.souillacenjazz.fr\/new\/changer-le-monde\/\">Changer le monde<\/a><\/li>\n\t\t<li class=\"wsp-post\"><a href=\"https:\/\/www.souillacenjazz.fr\/new\/the-yellbows\/\">The Yellbows<\/a><\/li>\n\t\t<li class=\"wsp-post\"><a href=\"https:\/\/www.souillacenjazz.fr\/new\/le-bois-bleu\/\">Le bois bleu<\/a><\/li>\n\t\t<li class=\"wsp-post\"><a href=\"https:\/\/www.souillacenjazz.fr\/new\/adijazz\/\">Adi&#8217;Jazz<\/a><\/li>\n\t\t<li class=\"wsp-post\"><a href=\"https:\/\/www.souillacenjazz.fr\/new\/monkeys-d-swing\/\">Monkeys D Swing<\/a><\/li>\n\t\t<li class=\"wsp-post\"><a href=\"https:\/\/www.souillacenjazz.fr\/new\/thomas-de-pourquery-supersonic-back-to-the-moon\/\">Thomas de Pourquery &#8211; Supersonic\u00a0<\/a><\/li>\n\t\t<li class=\"wsp-post\"><a href=\"https:\/\/www.souillacenjazz.fr\/new\/renaud-garcia-fons-dorantes-paseo-a-dos\/\">Renaud Garcia Fons \u2013 Dorantes \u00abPaseo a dos\u00bb<\/a><\/li>\n\t\t<li class=\"wsp-post\"><a href=\"https:\/\/www.souillacenjazz.fr\/new\/suzanne\/\">Suzanne<\/a><\/li>\n\t\t<li class=\"wsp-post\"><a href=\"https:\/\/www.souillacenjazz.fr\/new\/fidel-fourneyron-bengue\/\">Fidel Fourneyron \u00abBengue\u00bb<\/a><\/li>\n\t\t<li class=\"wsp-post\"><a href=\"https:\/\/www.souillacenjazz.fr\/new\/jazz-ensemble-de-tulle\/\">Jazz Ensemble de Tulle<\/a><\/li>\n\t\t<li class=\"wsp-post\"><a href=\"https:\/\/www.souillacenjazz.fr\/new\/daniel-zimmermann\/\">Eric S\u00e9va &#038; Daniel Zimmermann<\/a><\/li>\n\t\t<li class=\"wsp-post\"><a href=\"https:\/\/www.souillacenjazz.fr\/new\/mama-shakers\/\">Mama Shakers<\/a><\/li>\n\t\t<li class=\"wsp-post\"><a href=\"https:\/\/www.souillacenjazz.fr\/new\/ana-carla-maza\/\">Ana Carla Maza<\/a><\/li>\n\t<li><strong class=\"wsp-category-title\">Category: <a href=\"https:\/\/www.souillacenjazz.fr\/new\/category\/archives\/archives-2021\/\">Archives 2021<\/a><\/strong>\n<ul class=\"wsp-posts-list\">\t\t<li class=\"wsp-post\"><a href=\"https:\/\/www.souillacenjazz.fr\/new\/piazzolla-2021-louise-jallu-quartet\/\">Piazzolla 2021\u00a0Louise Jallu Quartet<\/a><\/li>\n<\/ul><\/li>\n\t<li><strong class=\"wsp-category-title\">Category: <a href=\"https:\/\/www.souillacenjazz.fr\/new\/category\/archives\/archives-2022\/\">Archives 2022<\/a><\/strong>\n<ul class=\"wsp-posts-list\">\t\t<li class=\"wsp-post\"><a href=\"https:\/\/www.souillacenjazz.fr\/new\/nousvousesperons-encore-plus-nombreux\/\">Nous vous esp\u00e9rons encore plus nombreux en 2023<\/a><\/li>\n\t\t<li class=\"wsp-post\"><a href=\"https:\/\/www.souillacenjazz.fr\/new\/le-46e-festival-est-termine-a-lannee-prochaine-pour-le-47e\/\">Le 46e festival est termin\u00e9, \u00e0 l&#8217;ann\u00e9e prochaine pour le 47e<\/a><\/li>\n\t\t<li class=\"wsp-post\"><a href=\"https:\/\/www.souillacenjazz.fr\/new\/souillac-en-jazz-2022\/\">Souillac en jazz 2022<\/a><\/li>\n\t\t<li class=\"wsp-post\"><a href=\"https:\/\/www.souillacenjazz.fr\/new\/que-dit-la-presse-en-2022\/\">Que dit la presse en 2022<\/a><\/li>\n\t\t<li class=\"wsp-post\"><a href=\"https:\/\/www.souillacenjazz.fr\/new\/marie-laure-depaulis-une-conteuse-pour-enchanter-la-rando-jazz\/\">Marie Laure Depaulis, une conteuse pour enchanter la rando jazz<\/a><\/li>\n\t\t<li class=\"wsp-post\"><a href=\"https:\/\/www.souillacenjazz.fr\/new\/2563-2\/\">Le Jazz en courant[s]<\/a><\/li>\n\t\t<li class=\"wsp-post\"><a href=\"https:\/\/www.souillacenjazz.fr\/new\/exposition\/\">Exposition 2022<\/a><\/li>\n\t\t<li class=\"wsp-post\"><a href=\"https:\/\/www.souillacenjazz.fr\/new\/chloe-cailleton-leila-olivesi-duo\/\">Chlo\u00e9 Cailleton \/ Le\u00efla Olivesi Duo<\/a><\/li>\n\t\t<li class=\"wsp-post\"><a href=\"https:\/\/www.souillacenjazz.fr\/new\/le-jazz-en-courant-s\/\">Le Jazz en courant [s]<\/a><\/li>\n\t\t<li class=\"wsp-post\"><a href=\"https:\/\/www.souillacenjazz.fr\/new\/rando-jazz-2022\/\">Rando Jazz &#8211; 2022<\/a><\/li>\n\t\t<li class=\"wsp-post\"><a href=\"https:\/\/www.souillacenjazz.fr\/new\/changer-le-monde\/\">Changer le monde<\/a><\/li>\n\t\t<li class=\"wsp-post\"><a href=\"https:\/\/www.souillacenjazz.fr\/new\/the-yellbows\/\">The Yellbows<\/a><\/li>\n\t\t<li class=\"wsp-post\"><a href=\"https:\/\/www.souillacenjazz.fr\/new\/le-bois-bleu\/\">Le bois bleu<\/a><\/li>\n\t\t<li class=\"wsp-post\"><a href=\"https:\/\/www.souillacenjazz.fr\/new\/adijazz\/\">Adi&#8217;Jazz<\/a><\/li>\n\t\t<li class=\"wsp-post\"><a href=\"https:\/\/www.souillacenjazz.fr\/new\/monkeys-d-swing\/\">Monkeys D Swing<\/a><\/li>\n\t\t<li class=\"wsp-post\"><a href=\"https:\/\/www.souillacenjazz.fr\/new\/thomas-de-pourquery-supersonic-back-to-the-moon\/\">Thomas de Pourquery &#8211; Supersonic\u00a0<\/a><\/li>\n\t\t<li class=\"wsp-post\"><a href=\"https:\/\/www.souillacenjazz.fr\/new\/renaud-garcia-fons-dorantes-paseo-a-dos\/\">Renaud Garcia Fons \u2013 Dorantes \u00abPaseo a dos\u00bb<\/a><\/li>\n\t\t<li class=\"wsp-post\"><a href=\"https:\/\/www.souillacenjazz.fr\/new\/suzanne\/\">Suzanne<\/a><\/li>\n\t\t<li class=\"wsp-post\"><a href=\"https:\/\/www.souillacenjazz.fr\/new\/fidel-fourneyron-bengue\/\">Fidel Fourneyron \u00abBengue\u00bb<\/a><\/li>\n\t\t<li class=\"wsp-post\"><a href=\"https:\/\/www.souillacenjazz.fr\/new\/jazz-ensemble-de-tulle\/\">Jazz Ensemble de Tulle<\/a><\/li>\n\t\t<li class=\"wsp-post\"><a href=\"https:\/\/www.souillacenjazz.fr\/new\/daniel-zimmermann\/\">Eric S\u00e9va &#038; Daniel Zimmermann<\/a><\/li>\n\t\t<li class=\"wsp-post\"><a href=\"https:\/\/www.souillacenjazz.fr\/new\/mama-shakers\/\">Mama Shakers<\/a><\/li>\n\t\t<li class=\"wsp-post\"><a href=\"https:\/\/www.souillacenjazz.fr\/new\/ana-carla-maza\/\">Ana Carla Maza<\/a><\/li>\n<\/ul><\/li>\n\t<li><strong class=\"wsp-category-title\">Category: <a href=\"https:\/\/www.souillacenjazz.fr\/new\/category\/archives\/archives-2023\/\">Archives 2023<\/a><\/strong>\n<ul class=\"wsp-posts-list\">\t\t<li class=\"wsp-post\"><a href=\"https:\/\/www.souillacenjazz.fr\/new\/le-roc-images-du-concert-2\/\">Le Roc : images du concert<\/a><\/li>\n\t\t<li class=\"wsp-post\"><a href=\"https:\/\/www.souillacenjazz.fr\/new\/antonio-lizana\/\">Antonio Lizana<\/a><\/li>\n\t\t<li class=\"wsp-post\"><a href=\"https:\/\/www.souillacenjazz.fr\/new\/souillac-en-jazz-a-fait-decouvrir-le-beau-duo-rhizottome\/\">Souillac en Jazz a fait d\u00e9couvrir le beau duo &#8220;Rhizottome&#8221;<\/a><\/li>\n\t\t<li class=\"wsp-post\"><a href=\"https:\/\/www.souillacenjazz.fr\/new\/le-roc-images-du-concert\/\">Le Roc : images du concert<\/a><\/li>\n\t\t<li class=\"wsp-post\"><a href=\"https:\/\/www.souillacenjazz.fr\/new\/le-roc-concert-dans-leglise-le-30-septembre\/\">Le Roc : concert<\/a><\/li>\n\t\t<li class=\"wsp-post\"><a href=\"https:\/\/www.souillacenjazz.fr\/new\/le-jazz-en-courants-2\/\">Le Jazz en courant[s]<\/a><\/li>\n\t\t<li class=\"wsp-post\"><a href=\"https:\/\/www.souillacenjazz.fr\/new\/rhizottome\/\">Rhizottome<\/a><\/li>\n\t\t<li class=\"wsp-post\"><a href=\"https:\/\/www.souillacenjazz.fr\/new\/vers-le-47-eme-festival\/\">Vers le 48 \u00e8me festival<\/a><\/li>\n\t\t<li class=\"wsp-post\"><a href=\"https:\/\/www.souillacenjazz.fr\/new\/programme-de-lanimation-2023\/\">Programme de l&#8217;animation 2023<\/a><\/li>\n\t\t<li class=\"wsp-post\"><a href=\"https:\/\/www.souillacenjazz.fr\/new\/geraldine-laurent-a-ete-recompensee-de-deux-victoires-du-jazz-victoire-de-lartiste-instrumentale-et-victoire-du-concert-pour-cooking-quelle-presentera-a-souillac-le-20-juillet-prochain\/\">G\u00e9raldine Laurent a \u00e9t\u00e9 r\u00e9compens\u00e9e de deux Victoires du jazz.<\/a><\/li>\n\t\t<li class=\"wsp-post\"><a href=\"https:\/\/www.souillacenjazz.fr\/new\/sortie-dun-dvd-sur-les-solos-de-joelle-leandre\/\">Sortie d&#8217;un DVD sur les solos de Jo\u00eblle L\u00e9andre en partie enregistr\u00e9 \u00e0 Cal\u00e8s en 2021<\/a><\/li>\n\t\t<li class=\"wsp-post\"><a href=\"https:\/\/www.souillacenjazz.fr\/new\/erik-truffaz-grand-prix-suisse-de-musique-2023\/\">Erik Truffaz  GRAND PRIX SUISSE DE MUSIQUE 2023<\/a><\/li>\n\t\t<li class=\"wsp-post\"><a href=\"https:\/\/www.souillacenjazz.fr\/new\/exposition-2023\/\">Exposition 2023<\/a><\/li>\n\t\t<li class=\"wsp-post\"><a href=\"https:\/\/www.souillacenjazz.fr\/new\/concert-paul-lay\/\">Concert Paul Lay<\/a><\/li>\n\t\t<li class=\"wsp-post\"><a href=\"https:\/\/www.souillacenjazz.fr\/new\/concert-lagrimas-azules\/\">Concert Lagrimas Azules<\/a><\/li>\n\t\t<li class=\"wsp-post\"><a href=\"https:\/\/www.souillacenjazz.fr\/new\/rando-jazz-2023\/\">Rando Jazz &#8211; 2023<\/a><\/li>\n\t\t<li class=\"wsp-post\"><a href=\"https:\/\/www.souillacenjazz.fr\/new\/autour-de-minuit\/\">Autour de minuit<\/a><\/li>\n\t\t<li class=\"wsp-post\"><a href=\"https:\/\/www.souillacenjazz.fr\/new\/lana-gray-all-that-jazz\/\">Lana Gray &#8220;All That Jazz&#8221;<\/a><\/li>\n\t\t<li class=\"wsp-post\"><a href=\"https:\/\/www.souillacenjazz.fr\/new\/tradescantia\/\">Tradescantia<\/a><\/li>\n\t\t<li class=\"wsp-post\"><a href=\"https:\/\/www.souillacenjazz.fr\/new\/le-jazz-en-courants\/\">Le Jazz en courant[s]<\/a><\/li>\n\t\t<li class=\"wsp-post\"><a href=\"https:\/\/www.souillacenjazz.fr\/new\/le-livre-du-jazz\/\">Le Livre du Jazz<\/a><\/li>\n\t\t<li class=\"wsp-post\"><a href=\"https:\/\/www.souillacenjazz.fr\/new\/new-vostok\/\">New Vostok<\/a><\/li>\n\t\t<li class=\"wsp-post\"><a href=\"https:\/\/www.souillacenjazz.fr\/new\/le-tout-puissant-tropical-orchestra\/\">Le Tout Puissant Tropical Orchestra<\/a><\/li>\n\t\t<li class=\"wsp-post\"><a href=\"https:\/\/www.souillacenjazz.fr\/new\/mystere-trio-quartet\/\">Myst\u00e8re Trio Quartet<\/a><\/li>\n\t\t<li class=\"wsp-post\"><a href=\"https:\/\/www.souillacenjazz.fr\/new\/bacrima-trio\/\">Bacrima Trio<\/a><\/li>\n\t\t<li class=\"wsp-post\"><a href=\"https:\/\/www.souillacenjazz.fr\/new\/the-jive-machine-trio\/\">Jive Machine Trio<\/a><\/li>\n\t\t<li class=\"wsp-post\"><a href=\"https:\/\/www.souillacenjazz.fr\/new\/tarifs-preferentiels-pour-les-fetes-de-fin-dannee\/\">Tarifs pr\u00e9f\u00e9rentiels pour les f\u00eates de fin d\u2019ann\u00e9e<\/a><\/li>\n\t\t<li class=\"wsp-post\"><a href=\"https:\/\/www.souillacenjazz.fr\/new\/erik-truffaz-quintet-french-touch\/\">Erik TRUFFAZ Quintet \u00abRollin&#8217; &#038; Clap\u00bb<\/a><\/li>\n\t\t<li class=\"wsp-post\"><a href=\"https:\/\/www.souillacenjazz.fr\/new\/naissam-jalal-rhythms-of-resistance\/\">Na\u00efssam JALAL &#8211; Rhythms Of Resistance &#8211;<\/a><\/li>\n\t\t<li class=\"wsp-post\"><a href=\"https:\/\/www.souillacenjazz.fr\/new\/ishkero\/\">ISHKERO<\/a><\/li>\n\t\t<li class=\"wsp-post\"><a href=\"https:\/\/www.souillacenjazz.fr\/new\/geraldine-laurent-quartet-invite-mederic-collignon\/\">G\u00e9raldine LAURENT Quartet invite M\u00e9d\u00e9ric COLLIGNON<\/a><\/li>\n\t\t<li class=\"wsp-post\"><a href=\"https:\/\/www.souillacenjazz.fr\/new\/emilie-calme-laurent-maur-fantaisie-improbable-pour-flutes-et-harmonicas\/\">\u00c9milie CALM\u00c9 &amp; Laurent MAUR \u00ab Fantaisie Improbable pour fl\u00fbtes et harmonicas \u00bb<\/a><\/li>\n\t\t<li class=\"wsp-post\"><a href=\"https:\/\/www.souillacenjazz.fr\/new\/isabelle-olivier-smile\/\">Isabelle OLIVIER \u00abSmile\u00bb<\/a><\/li>\n\t\t<li class=\"wsp-post\"><a href=\"https:\/\/www.souillacenjazz.fr\/new\/joelle-leandre-at-souillac-en-jazz-live-in-cales-church\/\">jo\u00eblle l\u00e9andre at souillac en jazz<\/a><\/li>\n<\/ul><\/li>\n\t<li><strong class=\"wsp-category-title\">Category: <a href=\"https:\/\/www.souillacenjazz.fr\/new\/category\/archives\/archives-2024\/\">Archives 2024<\/a><\/strong>\n<ul class=\"wsp-posts-list\">\t\t<li class=\"wsp-post\"><a href=\"https:\/\/www.souillacenjazz.fr\/new\/le-jazz-en-courants-musique-de-jazz-et-musique-classique\/\">Le Jazz en courant[s] &#8211; Musique de jazz et musique classique &#8211;<\/a><\/li>\n\t\t<li class=\"wsp-post\"><a href=\"https:\/\/www.souillacenjazz.fr\/new\/antonio-lizanastochelo-rosenberg-hady-mouallemantonio-lizana\/\">Stochelo Rosenberg &amp; Hady Mouallem<\/a><\/li>\n\t\t<li class=\"wsp-post\"><a href=\"https:\/\/www.souillacenjazz.fr\/new\/le-saxo-joue-avec-les-mots\/\">Le saxo joue avec les mots<\/a><\/li>\n\t\t<li class=\"wsp-post\"><a href=\"https:\/\/www.souillacenjazz.fr\/new\/le-jazz-en-courants-tout-tout-tout-sur-le-48e-festival\/\">Le Jazz en courant[s] &#8211; Tout, tout, tout sur le 48e festival &#8211;<\/a><\/li>\n\t\t<li class=\"wsp-post\"><a href=\"https:\/\/www.souillacenjazz.fr\/new\/rando-jazz-2024\/\">Rando Jazz &#8211; 2024<\/a><\/li>\n\t\t<li class=\"wsp-post\"><a href=\"https:\/\/www.souillacenjazz.fr\/new\/le-jazz-en-courants-made-in-france\/\">Le Jazz en courant[s] &#8211; Made in France &#8211;<\/a><\/li>\n\t\t<li class=\"wsp-post\"><a href=\"https:\/\/www.souillacenjazz.fr\/new\/le-jazz-en-courants-made-in-word\/\">Le Jazz en courant[s] &#8211; Made in World-<\/a><\/li>\n\t\t<li class=\"wsp-post\"><a href=\"https:\/\/www.souillacenjazz.fr\/new\/dimanche-03-mars-2024-a-17h-au-palais-des-congres\/\">Benjamin BOBENRIETH trio, Hady MOUALLEM et Titi BAMBERGER<\/a><\/li>\n\t\t<li class=\"wsp-post\"><a href=\"https:\/\/www.souillacenjazz.fr\/new\/john-zorn-i-ii\/\">ZORN I \/ II<\/a><\/li>\n\t\t<li class=\"wsp-post\"><a href=\"https:\/\/www.souillacenjazz.fr\/new\/nooh-band\/\">Nooh Band<\/a><\/li>\n\t\t<li class=\"wsp-post\"><a href=\"https:\/\/www.souillacenjazz.fr\/new\/rose-betty-klub\/\">Rose Betty Klub<\/a><\/li>\n\t\t<li class=\"wsp-post\"><a href=\"https:\/\/www.souillacenjazz.fr\/new\/pepper-swing\/\">Pepper Swing<\/a><\/li>\n\t\t<li class=\"wsp-post\"><a href=\"https:\/\/www.souillacenjazz.fr\/new\/risha\/\">Risha<\/a><\/li>\n\t\t<li class=\"wsp-post\"><a href=\"https:\/\/www.souillacenjazz.fr\/new\/wonder-brass-quartet\/\">Wonder Brass Quartet<\/a><\/li>\n\t\t<li class=\"wsp-post\"><a href=\"https:\/\/www.souillacenjazz.fr\/new\/profitez-dune-reduction-de-4-euros-sur-les-tarifs-pleins-des-3-grands-concerts\/\">Jusqu&#8217;au 12 janvier, profitez d&#8217;une r\u00e9duction de 4 euros sur les billets tarifs pleins des 3 grands concerts<\/a><\/li>\n\t\t<li class=\"wsp-post\"><a href=\"https:\/\/www.souillacenjazz.fr\/new\/christelle-raquillet\/\">Christelle RAQUILLET<\/a><\/li>\n\t\t<li class=\"wsp-post\"><a href=\"https:\/\/www.souillacenjazz.fr\/new\/nosax-noclar\/\">NoSax NoClar<\/a><\/li>\n\t\t<li class=\"wsp-post\"><a href=\"https:\/\/www.souillacenjazz.fr\/new\/clement-janinet-concerto-pour-sokou\/\">Cl\u00e9ment JANINET &#8220;concerto pour sokou&#8221;<\/a><\/li>\n\t\t<li class=\"wsp-post\"><a href=\"https:\/\/www.souillacenjazz.fr\/new\/prospectus\/\">Prospectus<\/a><\/li>\n\t\t<li class=\"wsp-post\"><a href=\"https:\/\/www.souillacenjazz.fr\/new\/renaud-garcia-fons-luna-de-seda\/\">Renaud GARCIA-FONS &#8220;luna de seda&#8221;<\/a><\/li>\n\t\t<li class=\"wsp-post\"><a href=\"https:\/\/www.souillacenjazz.fr\/new\/cecile-mclorin-salvant\/\">C\u00e9cile McLORIN SALVANT<\/a><\/li>\n\t\t<li class=\"wsp-post\"><a href=\"https:\/\/www.souillacenjazz.fr\/new\/obradovic-tixier-duo\/\">Obradovic \u2013 Tixier duo<\/a><\/li>\n\t\t<li class=\"wsp-post\"><a href=\"https:\/\/www.souillacenjazz.fr\/new\/ariel-bart-trio\/\">Ariel Bart trio<\/a><\/li>\n\t\t<li class=\"wsp-post\"><a href=\"https:\/\/www.souillacenjazz.fr\/new\/madeleine-salomon\/\">Madeleine &amp; Salomon<\/a><\/li>\n\t\t<li class=\"wsp-post\"><a href=\"https:\/\/www.souillacenjazz.fr\/new\/meilleurs-voeux-pour-2023\/\">Meilleurs Voeux pour 2024<\/a><\/li>\n<\/ul><\/li>\n\t<li><strong class=\"wsp-category-title\">Category: <a href=\"https:\/\/www.souillacenjazz.fr\/new\/category\/archives\/archives-2025\/\">archives 2025<\/a><\/strong>\n<ul class=\"wsp-posts-list\">\t\t<li class=\"wsp-post\"><a href=\"https:\/\/www.souillacenjazz.fr\/new\/trio-senstress\/\">Trio Senstress<\/a><\/li>\n\t\t<li class=\"wsp-post\"><a href=\"https:\/\/www.souillacenjazz.fr\/new\/50-ans-de-jazz-a-souillac-1ere-partie-1976-2000\/\">50 ans de jazz \u00e0 Souillac &#8211; 1\u00e8re partie &#8211; 1976\/2000<\/a><\/li>\n\t\t<li class=\"wsp-post\"><a href=\"https:\/\/www.souillacenjazz.fr\/new\/une-voix-six-cordes-de-claude-a-nougaro\/\">Une voix, six cordes de Claude \u00e0 Nougaro<\/a><\/li>\n\t\t<li class=\"wsp-post\"><a href=\"https:\/\/www.souillacenjazz.fr\/new\/a-lannee-prochaine\/\">\u00e0 l&#8217;ann\u00e9e prochaine<\/a><\/li>\n\t\t<li class=\"wsp-post\"><a href=\"https:\/\/www.souillacenjazz.fr\/new\/programme-2025-complet\/\">Programme 2025 complet.<\/a><\/li>\n\t\t<li class=\"wsp-post\"><a href=\"https:\/\/www.souillacenjazz.fr\/new\/tout-sur-le-49eme-festival\/\">Pr\u00e9sentation du 49\u00e8me festival !<\/a><\/li>\n\t\t<li class=\"wsp-post\"><a href=\"https:\/\/www.souillacenjazz.fr\/new\/lot-of-jazz\/\">Lot of Jazz<\/a><\/li>\n\t\t<li class=\"wsp-post\"><a href=\"https:\/\/www.souillacenjazz.fr\/new\/le-jazz-en-courants-musique-de-jazz-et-bande-originale\/\">Le Jazz en courant[s] &#8211; Musique de jazz et bande originale &#8211;<\/a><\/li>\n\t\t<li class=\"wsp-post\"><a href=\"https:\/\/www.souillacenjazz.fr\/new\/exposition-la-peinture-est-la-musique-du-silence-de-jean-pierre-aerts\/\">Exposition \u00ab\u00a0La peinture est la musique du silence\u00a0\u00bb de Jean Pierre AERTS<\/a><\/li>\n\t\t<li class=\"wsp-post\"><a href=\"https:\/\/www.souillacenjazz.fr\/new\/rando-jazz-2025\/\">Rando Jazz &#8211; 2025<\/a><\/li>\n\t\t<li class=\"wsp-post\"><a href=\"https:\/\/www.souillacenjazz.fr\/new\/blue-giant\/\">Blue Giant<\/a><\/li>\n\t\t<li class=\"wsp-post\"><a href=\"https:\/\/www.souillacenjazz.fr\/new\/tdb-jazz-trio\/\">TDB Jazz trio<\/a><\/li>\n\t\t<li class=\"wsp-post\"><a href=\"https:\/\/www.souillacenjazz.fr\/new\/remi-dugue-trio\/\">R\u00e9mi Dugu\u00e9 trio<\/a><\/li>\n\t\t<li class=\"wsp-post\"><a href=\"https:\/\/www.souillacenjazz.fr\/new\/the-soul-jazz-rebels\/\">The Soul Jazz Rebels<\/a><\/li>\n\t\t<li class=\"wsp-post\"><a href=\"https:\/\/www.souillacenjazz.fr\/new\/four-b-big-band\/\">Four B (Big band)<\/a><\/li>\n\t\t<li class=\"wsp-post\"><a href=\"https:\/\/www.souillacenjazz.fr\/new\/lilbrass-band\/\">Lil&#8217;Brass Band<\/a><\/li>\n\t\t<li class=\"wsp-post\"><a href=\"https:\/\/www.souillacenjazz.fr\/new\/nubu\/\">NUBU<\/a><\/li>\n\t\t<li class=\"wsp-post\"><a href=\"https:\/\/www.souillacenjazz.fr\/new\/steve-coleman-the-five-elements\/\">Steve COLEMAN and Five Elements<\/a><\/li>\n\t\t<li class=\"wsp-post\"><a href=\"https:\/\/www.souillacenjazz.fr\/new\/laurent-bardainne-tigre-deau-douce\/\">Laurent BARDAINNE &amp; Tigre d\u2019Eau Douce<\/a><\/li>\n\t\t<li class=\"wsp-post\"><a href=\"https:\/\/www.souillacenjazz.fr\/new\/daniel-humair-benjamin-moussay-louis-sclavis\/\">HUMAIR  SCLAVIS  MOUSSAY trio<\/a><\/li>\n\t\t<li class=\"wsp-post\"><a href=\"https:\/\/www.souillacenjazz.fr\/new\/michel-godard-gregory-daltin\/\">Michel GODARD &amp; Gr\u00e9gory DALTIN<\/a><\/li>\n\t\t<li class=\"wsp-post\"><a href=\"https:\/\/www.souillacenjazz.fr\/new\/leila-olivesi\/\">Le\u00efla OLIVESI<\/a><\/li>\n\t\t<li class=\"wsp-post\"><a href=\"https:\/\/www.souillacenjazz.fr\/new\/notre-jazz-hotte\/\">Notre jazz HOTTE<\/a><\/li>\n\t\t<li class=\"wsp-post\"><a href=\"https:\/\/www.souillacenjazz.fr\/new\/flash-pig\/\">Flash Pig<\/a><\/li>\n\t\t<li class=\"wsp-post\"><a href=\"https:\/\/www.souillacenjazz.fr\/new\/michel-edelin-stephane-kerecki-duo\/\">Stephane Kerecki \u201cLiberation Songs\u201c<\/a><\/li>\n\t\t<li class=\"wsp-post\"><a href=\"https:\/\/www.souillacenjazz.fr\/new\/matthieu-chazarenc-quartet\/\">Matthieu Chazarenc Quartet<\/a><\/li>\n\t\t<li class=\"wsp-post\"><a href=\"https:\/\/www.souillacenjazz.fr\/new\/vu-dans-citizen-jazz\/\">Vu dans Citizen Jazz<\/a><\/li>\n\t\t<li class=\"wsp-post\"><a href=\"https:\/\/www.souillacenjazz.fr\/new\/coup-de-coeur-robert\/\">Coup de C\u0153ur &#8220;Robert&#8221;<\/a><\/li>\n\t\t<li class=\"wsp-post\"><a href=\"https:\/\/www.souillacenjazz.fr\/new\/comptes-rendus-de-la-depeche-du-midi\/\">Comptes rendus de &#8220;La D\u00e9p\u00eache du Midi&#8221;<\/a><\/li>\n<\/ul><\/li>\n<\/ul><\/li>\n\t<li><strong class=\"wsp-category-title\">Category: <a href=\"https:\/\/www.souillacenjazz.fr\/new\/category\/archives-2026\/\">archives 2026<\/a><\/strong>\n<ul class=\"wsp-posts-list\">\t\t<li class=\"wsp-post\"><a href=\"https:\/\/www.souillacenjazz.fr\/new\/thelonious-monk-sculpteur-de-silence-cabaret-concert\/\">\u00ab Thelonious Monk, sculpteur de silence \u00bb<\/a><\/li>\n\t\t<li class=\"wsp-post\"><a href=\"https:\/\/www.souillacenjazz.fr\/new\/django\/\">Django !<\/a><\/li>\n\t\t<li class=\"wsp-post\"><a href=\"https:\/\/www.souillacenjazz.fr\/new\/carmen-souza-portingles\/\">CARMEN SOUZA PORT&#8217;INGL\u00caS<\/a><\/li>\n<\/ul><\/li>\n\t<li><strong class=\"wsp-category-title\">Category: <a href=\"https:\/\/www.souillacenjazz.fr\/new\/category\/concerts-hors-saison\/\">Concerts hors saison en partenariat avec Souillac en jazz<\/a><\/strong>\n<ul class=\"wsp-posts-list\">\t\t<li class=\"wsp-post\"><a href=\"https:\/\/www.souillacenjazz.fr\/new\/tangos-balkaniques\/\">TANGOS BALKANIQUES<\/a><\/li>\n<\/ul><\/li>\n\t<li><strong class=\"wsp-category-title\">Category: <a href=\"https:\/\/www.souillacenjazz.fr\/new\/category\/expo-film-repas\/\">Expos, Film, Rando, ...<\/a><\/strong>\n<ul class=\"wsp-posts-list\">\t\t<li class=\"wsp-post\"><a href=\"https:\/\/www.souillacenjazz.fr\/new\/exposition-jean-pierre-rodrigo-subirana-1976-premieres-peintures-early-paintings\/\">Exposition Jean Pierre RODRIGO SUBIRANA                              \u00ab1976 \/ PREMIERES PEINTURES \/ EARLY PAINTINGS\u00bb<\/a><\/li>\n\t\t<li class=\"wsp-post\"><a href=\"https:\/\/www.souillacenjazz.fr\/new\/rando-jazz-2026\/\">Rando Jazz &#8211; 2026<\/a><\/li>\n\t\t<li class=\"wsp-post\"><a href=\"https:\/\/www.souillacenjazz.fr\/new\/lecture-musicale-jazz\/\">Lecture musicale jazz<\/a><\/li>\n\t\t<li class=\"wsp-post\"><a href=\"https:\/\/www.souillacenjazz.fr\/new\/soundtrack-to-a-coup-detat\/\">Soundtrack to a\u00a0Coup d\u2019Etat<\/a><\/li>\n<\/ul><\/li>\n\t<li><strong class=\"wsp-category-title\">Category: <a href=\"https:\/\/www.souillacenjazz.fr\/new\/category\/festival-in\/\">Festival In<\/a><\/strong>\n<ul class=\"wsp-posts-list\">\t\t<li class=\"wsp-post\"><a href=\"https:\/\/www.souillacenjazz.fr\/new\/louise-jallu\/\">Louise JALLU<\/a><\/li>\n\t\t<li class=\"wsp-post\"><a href=\"https:\/\/www.souillacenjazz.fr\/new\/straight-horns\/\">STRAIGHT HORNS<\/a><\/li>\n\t\t<li class=\"wsp-post\"><a href=\"https:\/\/www.souillacenjazz.fr\/new\/floating\/\">SWING MACHINE BIG BAND avec GILDA SOLVE<\/a><\/li>\n\t\t<li class=\"wsp-post\"><a href=\"https:\/\/www.souillacenjazz.fr\/new\/floating-2\/\">EMILE PARISIEN &#8220;Floating&#8221;<\/a><\/li>\n\t\t<li class=\"wsp-post\"><a href=\"https:\/\/www.souillacenjazz.fr\/new\/duo-brady\/\">DUO BRADY<\/a><\/li>\n\t\t<li class=\"wsp-post\"><a href=\"https:\/\/www.souillacenjazz.fr\/new\/elles\/\">YOUN SUN NAH &amp; BOJAN Z<\/a><\/li>\n\t\t<li class=\"wsp-post\"><a href=\"https:\/\/www.souillacenjazz.fr\/new\/erik-truffaz-new-sketches-of-spain\/\">ANTONIO LIZANA &amp; ERIK TRUFFAZ &#8211; NEW SKETCHES OF SPAIN<\/a><\/li>\n<\/ul><\/li>\n\t<li><strong class=\"wsp-category-title\">Category: <a href=\"https:\/\/www.souillacenjazz.fr\/new\/category\/festival-off\/\">Festival Off - GRATUIT<\/a><\/strong>\n<ul class=\"wsp-posts-list\">\t\t<li class=\"wsp-post\"><a href=\"https:\/\/www.souillacenjazz.fr\/new\/tremplin-scenes-ouvertes\/\">Tremplin &#8211; Sc\u00e8nes ouvertes<\/a><\/li>\n\t\t<li class=\"wsp-post\"><a href=\"https:\/\/www.souillacenjazz.fr\/new\/chescos-reunion-5tet\/\">Chesco&#8217;s R\u00e9union 5tet<\/a><\/li>\n\t\t<li class=\"wsp-post\"><a href=\"https:\/\/www.souillacenjazz.fr\/new\/lot-of-jazz-2\/\">Lot of Jazz<\/a><\/li>\n\t\t<li class=\"wsp-post\"><a href=\"https:\/\/www.souillacenjazz.fr\/new\/les-bavagonds\/\">Les Bavagonds<\/a><\/li>\n\t\t<li class=\"wsp-post\"><a href=\"https:\/\/www.souillacenjazz.fr\/new\/antoinette-trio\/\">Compagnie 3&#215;2+1<\/a><\/li>\n\t\t<li class=\"wsp-post\"><a href=\"https:\/\/www.souillacenjazz.fr\/new\/mamzelle-bee-and-the-boyz\/\">Mamz\u2019elle Bee and The Boyz<\/a><\/li>\n<\/ul><\/li>\n\t<li><strong class=\"wsp-category-title\">Category: <a href=\"https:\/\/www.souillacenjazz.fr\/new\/category\/alerte-info\/\">Info !<\/a><\/strong>\n<ul class=\"wsp-posts-list\">\t\t<li class=\"wsp-post\"><a href=\"https:\/\/www.souillacenjazz.fr\/new\/louise-jallu\/\">Louise JALLU<\/a><\/li>\n\t\t<li class=\"wsp-post\"><a href=\"https:\/\/www.souillacenjazz.fr\/new\/floating\/\">SWING MACHINE BIG BAND avec GILDA SOLVE<\/a><\/li>\n\t\t<li class=\"wsp-post\"><a href=\"https:\/\/www.souillacenjazz.fr\/new\/floating-2\/\">EMILE PARISIEN &#8220;Floating&#8221;<\/a><\/li>\n\t\t<li class=\"wsp-post\"><a href=\"https:\/\/www.souillacenjazz.fr\/new\/elles\/\">YOUN SUN NAH &amp; BOJAN Z<\/a><\/li>\n\t\t<li class=\"wsp-post\"><a href=\"https:\/\/www.souillacenjazz.fr\/new\/erik-truffaz-new-sketches-of-spain\/\">ANTONIO LIZANA &amp; ERIK TRUFFAZ &#8211; NEW SKETCHES OF SPAIN<\/a><\/li>\n<\/ul><\/li>\n\t<li><strong class=\"wsp-category-title\">Category: <a href=\"https:\/\/www.souillacenjazz.fr\/new\/category\/interview\/\">Interview<\/a><\/strong>\n<ul class=\"wsp-posts-list\">\t\t<li class=\"wsp-post\"><a href=\"https:\/\/www.souillacenjazz.fr\/new\/interview-de-geraldine-laurent-par-robert-peyrillou\/\">Interview de G\u00e9raldine Laurent par Robert Peyrillou<\/a><\/li>\n\t\t<li class=\"wsp-post\"><a href=\"https:\/\/www.souillacenjazz.fr\/new\/interview-de-paul-lay-par-robert-peyrillou\/\">Interview de Paul Lay par Robert Peyrillou<\/a><\/li>\n<\/ul><\/li>\n\t<li><strong class=\"wsp-category-title\">Category: <a href=\"https:\/\/www.souillacenjazz.fr\/new\/category\/programmation-2022\/\">Programmation 2022<\/a><\/strong>\n<ul class=\"wsp-posts-list\">\t\t<li class=\"wsp-post\"><a href=\"https:\/\/www.souillacenjazz.fr\/new\/thomas-de-pourquery-supersonic-back-to-the-moon\/\">Thomas de Pourquery &#8211; Supersonic\u00a0<\/a><\/li>\n\t\t<li class=\"wsp-post\"><a href=\"https:\/\/www.souillacenjazz.fr\/new\/renaud-garcia-fons-dorantes-paseo-a-dos\/\">Renaud Garcia Fons \u2013 Dorantes \u00abPaseo a dos\u00bb<\/a><\/li>\n\t\t<li class=\"wsp-post\"><a href=\"https:\/\/www.souillacenjazz.fr\/new\/suzanne\/\">Suzanne<\/a><\/li>\n\t\t<li class=\"wsp-post\"><a href=\"https:\/\/www.souillacenjazz.fr\/new\/fidel-fourneyron-bengue\/\">Fidel Fourneyron \u00abBengue\u00bb<\/a><\/li>\n\t\t<li class=\"wsp-post\"><a href=\"https:\/\/www.souillacenjazz.fr\/new\/jazz-ensemble-de-tulle\/\">Jazz Ensemble de Tulle<\/a><\/li>\n\t\t<li class=\"wsp-post\"><a href=\"https:\/\/www.souillacenjazz.fr\/new\/daniel-zimmermann\/\">Eric S\u00e9va &#038; Daniel Zimmermann<\/a><\/li>\n\t\t<li class=\"wsp-post\"><a href=\"https:\/\/www.souillacenjazz.fr\/new\/mama-shakers\/\">Mama Shakers<\/a><\/li>\n\t\t<li class=\"wsp-post\"><a href=\"https:\/\/www.souillacenjazz.fr\/new\/ana-carla-maza\/\">Ana Carla Maza<\/a><\/li>\n<\/ul><\/li>\n\t<li><strong class=\"wsp-category-title\">Category: <a href=\"https:\/\/www.souillacenjazz.fr\/new\/category\/programmation-2023\/\">Programmation 2023<\/a><\/strong>\n<ul class=\"wsp-posts-list\">\t\t<li class=\"wsp-post\"><a href=\"https:\/\/www.souillacenjazz.fr\/new\/geraldine-laurent-a-ete-recompensee-de-deux-victoires-du-jazz-victoire-de-lartiste-instrumentale-et-victoire-du-concert-pour-cooking-quelle-presentera-a-souillac-le-20-juillet-prochain\/\">G\u00e9raldine Laurent a \u00e9t\u00e9 r\u00e9compens\u00e9e de deux Victoires du jazz.<\/a><\/li>\n\t\t<li class=\"wsp-post\"><a href=\"https:\/\/www.souillacenjazz.fr\/new\/erik-truffaz-quintet-french-touch\/\">Erik TRUFFAZ Quintet \u00abRollin&#8217; &#038; Clap\u00bb<\/a><\/li>\n\t\t<li class=\"wsp-post\"><a href=\"https:\/\/www.souillacenjazz.fr\/new\/naissam-jalal-rhythms-of-resistance\/\">Na\u00efssam JALAL &#8211; Rhythms Of Resistance &#8211;<\/a><\/li>\n\t\t<li class=\"wsp-post\"><a href=\"https:\/\/www.souillacenjazz.fr\/new\/ishkero\/\">ISHKERO<\/a><\/li>\n<\/ul><\/li>\n\t<li><strong class=\"wsp-category-title\">Category: <a href=\"https:\/\/www.souillacenjazz.fr\/new\/category\/programmation-2024\/\">Programmation 2024<\/a><\/strong>\n<ul class=\"wsp-posts-list\">\t\t<li class=\"wsp-post\"><a href=\"https:\/\/www.souillacenjazz.fr\/new\/christelle-raquillet\/\">Christelle RAQUILLET<\/a><\/li>\n\t\t<li class=\"wsp-post\"><a href=\"https:\/\/www.souillacenjazz.fr\/new\/nosax-noclar\/\">NoSax NoClar<\/a><\/li>\n\t\t<li class=\"wsp-post\"><a href=\"https:\/\/www.souillacenjazz.fr\/new\/clement-janinet-concerto-pour-sokou\/\">Cl\u00e9ment JANINET &#8220;concerto pour sokou&#8221;<\/a><\/li>\n\t\t<li class=\"wsp-post\"><a href=\"https:\/\/www.souillacenjazz.fr\/new\/prospectus\/\">Prospectus<\/a><\/li>\n\t\t<li class=\"wsp-post\"><a href=\"https:\/\/www.souillacenjazz.fr\/new\/renaud-garcia-fons-luna-de-seda\/\">Renaud GARCIA-FONS &#8220;luna de seda&#8221;<\/a><\/li>\n\t\t<li class=\"wsp-post\"><a href=\"https:\/\/www.souillacenjazz.fr\/new\/cecile-mclorin-salvant\/\">C\u00e9cile McLORIN SALVANT<\/a><\/li>\n<\/ul><\/li>\n\t<li><strong class=\"wsp-category-title\">Category: <a href=\"https:\/\/www.souillacenjazz.fr\/new\/category\/programmation-2025\/\">Programmation 2025<\/a><\/strong>\n<ul class=\"wsp-posts-list\">\t\t<li class=\"wsp-post\"><a href=\"https:\/\/www.souillacenjazz.fr\/new\/nubu\/\">NUBU<\/a><\/li>\n\t\t<li class=\"wsp-post\"><a href=\"https:\/\/www.souillacenjazz.fr\/new\/steve-coleman-the-five-elements\/\">Steve COLEMAN and Five Elements<\/a><\/li>\n\t\t<li class=\"wsp-post\"><a href=\"https:\/\/www.souillacenjazz.fr\/new\/laurent-bardainne-tigre-deau-douce\/\">Laurent BARDAINNE &amp; Tigre d\u2019Eau Douce<\/a><\/li>\n\t\t<li class=\"wsp-post\"><a href=\"https:\/\/www.souillacenjazz.fr\/new\/daniel-humair-benjamin-moussay-louis-sclavis\/\">HUMAIR  SCLAVIS  MOUSSAY trio<\/a><\/li>\n\t\t<li class=\"wsp-post\"><a href=\"https:\/\/www.souillacenjazz.fr\/new\/michel-godard-gregory-daltin\/\">Michel GODARD &amp; Gr\u00e9gory DALTIN<\/a><\/li>\n\t\t<li class=\"wsp-post\"><a href=\"https:\/\/www.souillacenjazz.fr\/new\/leila-olivesi\/\">Le\u00efla OLIVESI<\/a><\/li>\n<\/ul><\/li>\n\t<li><strong class=\"wsp-category-title\">Category: <a href=\"https:\/\/www.souillacenjazz.fr\/new\/category\/programmation-2026\/\">programmation 2026<\/a><\/strong>\n<ul class=\"wsp-posts-list\">\t\t<li class=\"wsp-post\"><a href=\"https:\/\/www.souillacenjazz.fr\/new\/louise-jallu\/\">Louise JALLU<\/a><\/li>\n\t\t<li class=\"wsp-post\"><a href=\"https:\/\/www.souillacenjazz.fr\/new\/straight-horns\/\">STRAIGHT HORNS<\/a><\/li>\n\t\t<li class=\"wsp-post\"><a href=\"https:\/\/www.souillacenjazz.fr\/new\/floating\/\">SWING MACHINE BIG BAND avec GILDA SOLVE<\/a><\/li>\n\t\t<li class=\"wsp-post\"><a href=\"https:\/\/www.souillacenjazz.fr\/new\/floating-2\/\">EMILE PARISIEN &#8220;Floating&#8221;<\/a><\/li>\n\t\t<li class=\"wsp-post\"><a href=\"https:\/\/www.souillacenjazz.fr\/new\/duo-brady\/\">DUO BRADY<\/a><\/li>\n\t\t<li class=\"wsp-post\"><a href=\"https:\/\/www.souillacenjazz.fr\/new\/elles\/\">YOUN SUN NAH &amp; BOJAN Z<\/a><\/li>\n\t\t<li class=\"wsp-post\"><a href=\"https:\/\/www.souillacenjazz.fr\/new\/erik-truffaz-new-sketches-of-spain\/\">ANTONIO LIZANA &amp; ERIK TRUFFAZ &#8211; NEW SKETCHES OF SPAIN<\/a><\/li>\n<\/ul><\/li>\n<\/ul>\n<h2 class=\"wsp-jazzettess-title\">Jazzettes<\/h2>\n<ul class=\"wsp-jazzettess-list\">\n<li><a href=\"https:\/\/www.souillacenjazz.fr\/new\/jazzettes\/jazzette-juillet-2018\/\">Jazzette n\u00b0 139<\/a><\/li>\n<li><a href=\"https:\/\/www.souillacenjazz.fr\/new\/jazzettes\/jazzette-n-138\/\">Jazzette n\u00b0 138<\/a><\/li>\n<li><a href=\"https:\/\/www.souillacenjazz.fr\/new\/jazzettes\/jazzette-n-137\/\">Jazzette n\u00b0 137<\/a><\/li>\n<li><a href=\"https:\/\/www.souillacenjazz.fr\/new\/jazzettes\/jazzette-n-136\/\">Jazzette n\u00b0 136<\/a><\/li>\n<li><a href=\"https:\/\/www.souillacenjazz.fr\/new\/jazzettes\/jazzette-n-135\/\">Jazzette n\u00b0 135<\/a><\/li>\n<li><a href=\"https:\/\/www.souillacenjazz.fr\/new\/jazzettes\/jazzette-n-134\/\">Jazzette n\u00b0 134<\/a><\/li>\n<li><a href=\"https:\/\/www.souillacenjazz.fr\/new\/jazzettes\/jazzette-n-133\/\">Jazzette n\u00b0 133<\/a><\/li>\n<li><a href=\"https:\/\/www.souillacenjazz.fr\/new\/jazzettes\/jazzette-n-132\/\">Jazzette n\u00b0 132<\/a><\/li>\n<li><a href=\"https:\/\/www.souillacenjazz.fr\/new\/jazzettes\/jazzette-n-131\/\">Jazzette n\u00b0 131<\/a><\/li>\n<li><a href=\"https:\/\/www.souillacenjazz.fr\/new\/jazzettes\/jazzette-n-130\/\">Jazzette n\u00b0 130<\/a><\/li>\n<li><a href=\"https:\/\/www.souillacenjazz.fr\/new\/jazzettes\/jazzette-n-129\/\">Jazzette n\u00b0 129<\/a><\/li>\n<\/ul>\n<h2 class=\"wsp-portfolios-title\">Portfolio Items<\/h2>\n<ul class=\"wsp-portfolios-list\">\n<li><a href=\"https:\/\/www.souillacenjazz.fr\/new\/les-photos-du-festival\/photos-des-animations-2025\/\">Photos des animations 2025<\/a><\/li>\n<li><a href=\"https:\/\/www.souillacenjazz.fr\/new\/les-photos-du-festival\/photos-des-concerts-2025-eglise-de-cales-et-grottes-de-lacave\/\">Photos des concerts 2025 : \u00e9glise de Cal\u00e8s et Grottes de Lacave<\/a><\/li>\n<li><a href=\"https:\/\/www.souillacenjazz.fr\/new\/les-photos-du-festival\/photos-des-concerts-2025-de-jean-francois-peretti\/\">Photos des concerts 2025 de Jean-Fran\u00e7ois Peretti<\/a><\/li>\n<li><a href=\"https:\/\/www.souillacenjazz.fr\/new\/les-photos-du-festival\/photos-des-concerts-2024-de-bernard-delfraissy\/\">Photos des concerts 2024 de Bernard Delfraissy<\/a><\/li>\n<li><a href=\"https:\/\/www.souillacenjazz.fr\/new\/les-photos-du-festival\/photos-des-concerts-2024-de-jean-claude-elisas\/\">Photos des concerts 2024 de Jean Claude Elisas<\/a><\/li>\n<li><a href=\"https:\/\/www.souillacenjazz.fr\/new\/les-photos-du-festival\/photos-des-animations-2024\/\">Photos des animations 2024<\/a><\/li>\n<li><a href=\"https:\/\/www.souillacenjazz.fr\/new\/les-photos-du-festival\/photos-des-concerts-2024-eglise-de-cales-et-grottes-de-lacave\/\">Photos des concerts 2024 : \u00e9glise de Cal\u00e8s et Grottes de Lacave<\/a><\/li>\n<li><a href=\"https:\/\/www.souillacenjazz.fr\/new\/les-photos-du-festival\/photos-des-concerts-2024-de-jean-francois-peretti\/\">Photos des concerts 2024 de Jean-Fran\u00e7ois Peretti<\/a><\/li>\n<li><a href=\"https:\/\/www.souillacenjazz.fr\/new\/les-photos-du-festival\/photos-des-concerts-2021-eglise-de-cales-et-grottes-de-lacave\/\">Photos des concerts 2021 : \u00e9glise de Cal\u00e8s et Grottes de Lacave<\/a><\/li>\n<li><a href=\"https:\/\/www.souillacenjazz.fr\/new\/les-photos-du-festival\/photos-des-concerts-2023-eglise-de-cales-et-grottes-de-lacave\/\">Photos des concerts 2023 : \u00e9glise de Cal\u00e8s et Grottes de Lacave<\/a><\/li>\n<li><a href=\"https:\/\/www.souillacenjazz.fr\/new\/les-photos-du-festival\/photos-des-animations-2023\/\">Photos des animations 2023<\/a><\/li>\n<li><a href=\"https:\/\/www.souillacenjazz.fr\/new\/les-photos-du-festival\/photos-des-animations-2015\/\">Photos des animations 2015<\/a><\/li>\n<li><a href=\"https:\/\/www.souillacenjazz.fr\/new\/les-photos-du-festival\/photos-des-animations-2016\/\">Photos des animations 2016<\/a><\/li>\n<li><a href=\"https:\/\/www.souillacenjazz.fr\/new\/les-photos-du-festival\/photos-des-concerts-2023-de-francois-betz\/\">Photos des concerts 2023 de Fran\u00e7ois Betz<\/a><\/li>\n<li><a href=\"https:\/\/www.souillacenjazz.fr\/new\/les-photos-du-festival\/photos-des-concerts-2023-de-jean-francois-peretti\/\">Photos des concerts 2023 de Jean-Fran\u00e7ois Peretti<\/a><\/li>\n<li><a href=\"https:\/\/www.souillacenjazz.fr\/new\/les-photos-du-festival\/photos-des-concerts-2023-de-bernard-delfraissy\/\">Photos des concerts 2023 de Bernard Delfraissy<\/a><\/li>\n<li><a href=\"https:\/\/www.souillacenjazz.fr\/new\/les-photos-du-festival\/photos-des-concerts-2004-de-bernard-delfraissy\/\">Photos des concerts 2004 de Bernard Delfraissy<\/a><\/li>\n<li><a href=\"https:\/\/www.souillacenjazz.fr\/new\/les-photos-du-festival\/photos-des-concerts-2005-de-bernard-delfraissy\/\">Photos des concerts 2005 de Bernard Delfraissy<\/a><\/li>\n<li><a href=\"https:\/\/www.souillacenjazz.fr\/new\/les-photos-du-festival\/photos-des-concerts-2006-de-bernard-delfraissy\/\">Photos des concerts 2006 de Bernard Delfraissy<\/a><\/li>\n<li><a href=\"https:\/\/www.souillacenjazz.fr\/new\/les-photos-du-festival\/photos-des-concerts-2007-de-bernard-delfraissy\/\">Photos des concerts 2007 de Bernard Delfraissy<\/a><\/li>\n<li><a href=\"https:\/\/www.souillacenjazz.fr\/new\/les-photos-du-festival\/photos-des-concerts-2008-de-bernard-delfraissy\/\">Photos des concerts 2008 de Bernard Delfraissy<\/a><\/li>\n<li><a href=\"https:\/\/www.souillacenjazz.fr\/new\/les-photos-du-festival\/photos-des-concerts-2012-de-paul-evin\/\">Photos des concerts 2012 de Paul Evin<\/a><\/li>\n<li><a href=\"https:\/\/www.souillacenjazz.fr\/new\/les-photos-du-festival\/photos-des-concerts-2013-de-paul-evin\/\">Photos des concerts 2013 de Paul Evin<\/a><\/li>\n<li><a href=\"https:\/\/www.souillacenjazz.fr\/new\/les-photos-du-festival\/photos-des-concerts-2015-de-paul-evin\/\">Photos des concerts 2015 de Paul Evin<\/a><\/li>\n<li><a href=\"https:\/\/www.souillacenjazz.fr\/new\/les-photos-du-festival\/photos-des-concerts-2012-de-francois-berni\/\">Photos des concerts 2012 de Fran\u00e7ois Berni<\/a><\/li>\n<li><a href=\"https:\/\/www.souillacenjazz.fr\/new\/les-photos-du-festival\/photos-des-concerts-2014-de-francois-berni\/\">Photos des concerts 2014 de Fran\u00e7ois Berni<\/a><\/li>\n<li><a href=\"https:\/\/www.souillacenjazz.fr\/new\/les-photos-du-festival\/photos-des-concerts-2016-de-jean-francois-peretti\/\">Photos des concerts 2016 de Jean-Fran\u00e7ois Peretti<\/a><\/li>\n<li><a href=\"https:\/\/www.souillacenjazz.fr\/new\/les-photos-du-festival\/photos-des-concerts-2011-de-bernard-delfraissy\/\">Photos des concerts 2011 de Bernard Delfraissy<\/a><\/li>\n<li><a href=\"https:\/\/www.souillacenjazz.fr\/new\/les-photos-du-festival\/photos-des-concerts-2012-de-bernard-delfraissy\/\">Photos des concerts 2012 de Bernard Delfraissy<\/a><\/li>\n<li><a href=\"https:\/\/www.souillacenjazz.fr\/new\/les-photos-du-festival\/photos-des-concerts-2010-de-bernard-delfraissy-2\/\">Photos des concerts 2009 de Bernard Delfraissy<\/a><\/li>\n<li><a href=\"https:\/\/www.souillacenjazz.fr\/new\/les-photos-du-festival\/photos-des-concerts-2010-de-bernard-delfraissy\/\">Photos des concerts 2010 de Bernard Delfraissy<\/a><\/li>\n<li><a href=\"https:\/\/www.souillacenjazz.fr\/new\/les-photos-du-festival\/photos-des-concerts-2014-de-jean-francois-peretti\/\">Photos des concerts 2014 de Jean-Fran\u00e7ois Peretti<\/a><\/li>\n<li><a href=\"https:\/\/www.souillacenjazz.fr\/new\/les-photos-du-festival\/photos-des-concerts-2014-de-bernard-delfraissy\/\">Photos des concerts 2014 de Bernard Delfraissy<\/a><\/li>\n<li><a href=\"https:\/\/www.souillacenjazz.fr\/new\/les-photos-du-festival\/photos-des-concerts-2013-de-bernard-delfraissy\/\">Photos des concerts 2013 de Bernard Delfraissy<\/a><\/li>\n<li><a href=\"https:\/\/www.souillacenjazz.fr\/new\/les-photos-du-festival\/photos-des-concerts-2015-de-jean-francois-peretti\/\">Photos des concerts 2015 de Jean-Fran\u00e7ois Peretti<\/a><\/li>\n<li><a href=\"https:\/\/www.souillacenjazz.fr\/new\/les-photos-du-festival\/photos-des-concerts-2015-de-bernard-delfraissy\/\">Photos des concerts 2015 de Bernard Delfraissy<\/a><\/li>\n<li><a href=\"https:\/\/www.souillacenjazz.fr\/new\/les-photos-du-festival\/photos-des-concerts-2022-de-jean-francois-peretti\/\">Photos des concerts 2022 de Jean-Fran\u00e7ois Peretti<\/a><\/li>\n<li><a href=\"https:\/\/www.souillacenjazz.fr\/new\/les-photos-du-festival\/photos-des-concerts-2022-de-bernard-delfraissy\/\">Photos des concerts 2022 de Bernard Delfraissy<\/a><\/li>\n<li><a href=\"https:\/\/www.souillacenjazz.fr\/new\/les-photos-du-festival\/photos-des-concerts-2016-de-paul-evin\/\">Photos des concerts 2016 de Paul Evin<\/a><\/li>\n<li><a href=\"https:\/\/www.souillacenjazz.fr\/new\/les-photos-du-festival\/photos-des-concerts-2016-de-bernard-delfraissy\/\">Photos des concerts 2016 de Bernard Delfraissy<\/a><\/li>\n<li><a href=\"https:\/\/www.souillacenjazz.fr\/new\/les-photos-du-festival\/photos-des-animations-2021-de-alain-cartier\/\">Photos des animations 2021 de Alain Cartier<\/a><\/li>\n<li><a href=\"https:\/\/www.souillacenjazz.fr\/new\/les-photos-du-festival\/photos-des-animations-2021-de-jean-claude-elisas\/\">Photos des animations 2021 de Jean-Claude Elisas<\/a><\/li>\n<li><a href=\"https:\/\/www.souillacenjazz.fr\/new\/les-photos-du-festival\/photos-des-coulisses-2021-de-jean-claude-elisas\/\">Photos des coulisses 2021 de Jean-Claude Elisas<\/a><\/li>\n<li><a href=\"https:\/\/www.souillacenjazz.fr\/new\/les-photos-du-festival\/photos-des-concerts-2021-de-jean-claude-elisas\/\">Photos des concerts 2021 de Jean-Claude Elisas<\/a><\/li>\n<li><a href=\"https:\/\/www.souillacenjazz.fr\/new\/les-photos-du-festival\/photos-des-concerts-2021-de-alain-cartier\/\">Photos des concerts 2021 de Alain Cartier<\/a><\/li>\n<li><a href=\"https:\/\/www.souillacenjazz.fr\/new\/les-photos-du-festival\/photos-2021-des-concerts-de-jean-francois-peretti\/\">Photos des concerts 2021 de Jean-Fran\u00e7ois Peretti<\/a><\/li>\n<li><a href=\"https:\/\/www.souillacenjazz.fr\/new\/les-photos-du-festival\/photos-des-animations-2019-de-francois-betz\/\">Photos des animations 2019 de Fran\u00e7ois Betz<\/a><\/li>\n<li><a href=\"https:\/\/www.souillacenjazz.fr\/new\/les-photos-du-festival\/photos-des-animations-2019-de-jean-claude-elisas\/\">Photos des animations 2019 de Jean-Claude Elisas<\/a><\/li>\n<li><a href=\"https:\/\/www.souillacenjazz.fr\/new\/les-photos-du-festival\/photos-des-concerts-2019-de-jean-marc-coquerel\/\">Photos des concerts 2019 de Jean-Marc Coquerel<\/a><\/li>\n<li><a href=\"https:\/\/www.souillacenjazz.fr\/new\/les-photos-du-festival\/photos-des-concerts-2019-de-francois-berni\/\">Photos des concerts 2019 de Fran\u00e7ois Berni<\/a><\/li>\n<li><a href=\"https:\/\/www.souillacenjazz.fr\/new\/les-photos-du-festival\/photos-des-concerts-2019-de-paul-evin\/\">Photos des concerts 2019 de Paul Evin<\/a><\/li>\n<li><a href=\"https:\/\/www.souillacenjazz.fr\/new\/les-photos-du-festival\/photos-des-concerts-2019-de-jean-francois-peretti\/\">Photos des concerts 2019 de Jean-Fran\u00e7ois Peretti<\/a><\/li>\n<li><a href=\"https:\/\/www.souillacenjazz.fr\/new\/les-photos-du-festival\/photos-des-concerts-2019-de-bernard-delfraissy\/\">Photos des concerts 2019 de Bernard Delfraissy<\/a><\/li>\n<li><a href=\"https:\/\/www.souillacenjazz.fr\/new\/les-photos-du-festival\/photos-des-concerts-2019-de-alain-cartier\/\">Photos des concerts 2019 de Alain Cartier<\/a><\/li>\n<li><a href=\"https:\/\/www.souillacenjazz.fr\/new\/les-photos-du-festival\/photos-des-coulisses-2018-de-jean-claude-elisas\/\">Photos des coulisses 2018 de Jean-Claude Elisas<\/a><\/li>\n<li><a href=\"https:\/\/www.souillacenjazz.fr\/new\/les-photos-du-festival\/photos-des-animations-2018-de-francois-betz\/\">Photos des animations 2018 de Fran\u00e7ois Betz<\/a><\/li>\n<li><a href=\"https:\/\/www.souillacenjazz.fr\/new\/les-photos-du-festival\/photos-des-animations-2018-de-jean-claude-elisas\/\">Photos des animations 2018 de Jean-Claude Elisas<\/a><\/li>\n<li><a href=\"https:\/\/www.souillacenjazz.fr\/new\/les-photos-du-festival\/photos-des-concerts-2018-de-jean-claude-elisas\/\">Photos des concerts 2018 de Jean-Claude Elisas<\/a><\/li>\n<li><a href=\"https:\/\/www.souillacenjazz.fr\/new\/les-photos-du-festival\/photos-des-concerts-2018-de-francois-betz\/\">Photos des concerts 2018 de Fran\u00e7ois Betz<\/a><\/li>\n<li><a href=\"https:\/\/www.souillacenjazz.fr\/new\/les-photos-du-festival\/photos-des-concerts-2018-de-francois-berni\/\">Photos des concerts 2018 de Fran\u00e7ois Berni<\/a><\/li>\n<li><a href=\"https:\/\/www.souillacenjazz.fr\/new\/les-photos-du-festival\/photos-des-concerts-2018-de-paul-evin\/\">Photos des concerts 2018 de Paul Evin<\/a><\/li>\n<li><a href=\"https:\/\/www.souillacenjazz.fr\/new\/les-photos-du-festival\/photos-des-concerts-2018-de-jean-francois-peretti\/\">Photos des concerts 2018 de Jean-Fran\u00e7ois Peretti<\/a><\/li>\n<li><a href=\"https:\/\/www.souillacenjazz.fr\/new\/les-photos-du-festival\/photos-des-concerts-2018-de-bernard-delfraissy\/\">Photos des concerts 2018 de Bernard Delfraissy<\/a><\/li>\n<li><a href=\"https:\/\/www.souillacenjazz.fr\/new\/les-photos-du-festival\/photos-des-coulisses-2017-de-jean-claude-elisas\/\">Photos des coulisses 2017 de Jean-Claude Elisas<\/a><\/li>\n<li><a href=\"https:\/\/www.souillacenjazz.fr\/new\/les-photos-du-festival\/photos-des-animations-2017-de-fabienne-kowalik\/\">Photos des animations 2017 de Fabienne Kowalik<\/a><\/li>\n<li><a href=\"https:\/\/www.souillacenjazz.fr\/new\/les-photos-du-festival\/photos-des-animations-2017-de-jean-claude-elisas\/\">Photos des animations 2017 de Jean-Claude Elisas<\/a><\/li>\n<li><a href=\"https:\/\/www.souillacenjazz.fr\/new\/les-photos-du-festival\/photos-des-concerts-2017-de-marc-pivaudran\/\">Photos des concerts 2017 de Marc Pivaudran<\/a><\/li>\n<li><a href=\"https:\/\/www.souillacenjazz.fr\/new\/les-photos-du-festival\/photos-des-concerts-2017-de-francois-berni\/\">Photos des concerts 2017 de Fran\u00e7ois Berni<\/a><\/li>\n<li><a href=\"https:\/\/www.souillacenjazz.fr\/new\/les-photos-du-festival\/photos-des-concerts-2017-de-paul-evin\/\">Photos des concerts 2017 de Paul Evin<\/a><\/li>\n<li><a href=\"https:\/\/www.souillacenjazz.fr\/new\/les-photos-du-festival\/photos-des-concerts-2017-de-jean-francois-peretti\/\">Photos des concerts 2017 de Jean-Fran\u00e7ois Peretti<\/a><\/li>\n<li><a href=\"https:\/\/www.souillacenjazz.fr\/new\/les-photos-du-festival\/photos-des-concerts-2017-de-bernard-delfraissy\/\">Photos des concerts 2017 de Bernard Delfraissy<\/a><\/li>\n<\/ul>\n<h2 class=\"wsp-popups-title\">Popups<\/h2>\n<ul class=\"wsp-popups-list\">\n<li><a href=\"https:\/\/www.souillacenjazz.fr\/new\/popup\/tremplin\/\">Tremplin<\/a><\/li>\n<\/ul>\n<h2 class=\"wsp-annee_jazettes-title\">Ann\u00e9es Jazzette<\/h2>\n<ul class=\"wsp-annee_jazettes-list\">\n<li><a href=\"https:\/\/www.souillacenjazz.fr\/new\/annee_jazette\/2016\/\">2016<\/a><\/li>\n<li><a href=\"https:\/\/www.souillacenjazz.fr\/new\/annee_jazette\/2017\/\">2017<\/a><\/li>\n<li><a href=\"https:\/\/www.souillacenjazz.fr\/new\/annee_jazette\/2018\/\">2018<\/a><\/li>\n<\/ul>\n<h2 class=\"wsp-portfolio_categorys-title\">Portfolio Categories<\/h2>\n<ul class=\"wsp-portfolio_categorys-list\">\n<li><a href=\"https:\/\/www.souillacenjazz.fr\/new\/portfolio-category\/2004\/\">2004<\/a><\/li>\n<li><a href=\"https:\/\/www.souillacenjazz.fr\/new\/portfolio-category\/2005\/\">2005<\/a><\/li>\n<li><a href=\"https:\/\/www.souillacenjazz.fr\/new\/portfolio-category\/2006\/\">2006<\/a><\/li>\n<li><a href=\"https:\/\/www.souillacenjazz.fr\/new\/portfolio-category\/2007\/\">2007<\/a><\/li>\n<li><a href=\"https:\/\/www.souillacenjazz.fr\/new\/portfolio-category\/2008\/\">2008<\/a><\/li>\n<li><a href=\"https:\/\/www.souillacenjazz.fr\/new\/portfolio-category\/2009\/\">2009<\/a><\/li>\n<li><a href=\"https:\/\/www.souillacenjazz.fr\/new\/portfolio-category\/2010\/\">2010<\/a><\/li>\n<li><a href=\"https:\/\/www.souillacenjazz.fr\/new\/portfolio-category\/2011\/\">2011<\/a><\/li>\n<li><a href=\"https:\/\/www.souillacenjazz.fr\/new\/portfolio-category\/2012\/\">2012<\/a><\/li>\n<li><a href=\"https:\/\/www.souillacenjazz.fr\/new\/portfolio-category\/2013\/\">2013<\/a><\/li>\n<li><a href=\"https:\/\/www.souillacenjazz.fr\/new\/portfolio-category\/2014\/\">2014<\/a><\/li>\n<li><a href=\"https:\/\/www.souillacenjazz.fr\/new\/portfolio-category\/2015\/\">2015<\/a><\/li>\n<li><a href=\"https:\/\/www.souillacenjazz.fr\/new\/portfolio-category\/2016\/\">2016<\/a><\/li>\n<li><a href=\"https:\/\/www.souillacenjazz.fr\/new\/portfolio-category\/2017\/\">2017<\/a><\/li>\n<li><a href=\"https:\/\/www.souillacenjazz.fr\/new\/portfolio-category\/2018\/\">2018<\/a><\/li>\n<li><a href=\"https:\/\/www.souillacenjazz.fr\/new\/portfolio-category\/2019\/\">2019<\/a><\/li>\n<li><a href=\"https:\/\/www.souillacenjazz.fr\/new\/portfolio-category\/2021\/\">2021<\/a><\/li>\n<li><a href=\"https:\/\/www.souillacenjazz.fr\/new\/portfolio-category\/2022\/\">2022<\/a><\/li>\n<li><a href=\"https:\/\/www.souillacenjazz.fr\/new\/portfolio-category\/2023\/\">2023<\/a><\/li>\n<li><a href=\"https:\/\/www.souillacenjazz.fr\/new\/portfolio-category\/2024\/\">2024<\/a><\/li>\n<li><a href=\"https:\/\/www.souillacenjazz.fr\/new\/portfolio-category\/2025\/\">2025<\/a><\/li>\n<li><a href=\"https:\/\/www.souillacenjazz.fr\/new\/portfolio-category\/alain-cartier\/\">Alain Cartier<\/a><\/li>\n<li><a href=\"https:\/\/www.souillacenjazz.fr\/new\/portfolio-category\/animations\/\">Animations<\/a><\/li>\n<li><a href=\"https:\/\/www.souillacenjazz.fr\/new\/portfolio-category\/bernard-delfraissy\/\">Bernard Delfraissy<\/a><\/li>\n<li><a href=\"https:\/\/www.souillacenjazz.fr\/new\/portfolio-category\/cales-lacave\/\">Cales &amp; Lacave<\/a><\/li>\n<li><a href=\"https:\/\/www.souillacenjazz.fr\/new\/portfolio-category\/concerts\/\">Concerts<\/a><\/li>\n<li><a href=\"https:\/\/www.souillacenjazz.fr\/new\/portfolio-category\/coulisses\/\">Coulisses<\/a><\/li>\n<li><a href=\"https:\/\/www.souillacenjazz.fr\/new\/portfolio-category\/fabienne-kowalik\/\">Fabienne Kowalik<\/a><\/li>\n<li><a href=\"https:\/\/www.souillacenjazz.fr\/new\/portfolio-category\/francois-berni\/\">Fran\u00e7ois Berni<\/a><\/li>\n<li><a href=\"https:\/\/www.souillacenjazz.fr\/new\/portfolio-category\/francois-betz\/\">Fran\u00e7ois Betz<\/a><\/li>\n<li><a href=\"https:\/\/www.souillacenjazz.fr\/new\/portfolio-category\/jean-claude-elisas\/\">Jean-Claude Elisas<\/a><\/li>\n<li><a href=\"https:\/\/www.souillacenjazz.fr\/new\/portfolio-category\/jean-francois-peretti\/\">Jean-Fran\u00e7ois Peretti<\/a><\/li>\n<li><a href=\"https:\/\/www.souillacenjazz.fr\/new\/portfolio-category\/jean-marc-coquerel\/\">Jean-Marc Coquerel<\/a><\/li>\n<li><a href=\"https:\/\/www.souillacenjazz.fr\/new\/portfolio-category\/marc-pivaudran\/\">Marc Pivaudran<\/a><\/li>\n<li><a href=\"https:\/\/www.souillacenjazz.fr\/new\/portfolio-category\/paul-evin\/\">Paul Evin<\/a><\/li>\n<\/ul>\n<h2 class=\"wsp-portfolio_tags-title\">Portfolio Tags<\/h2>\n<ul class=\"wsp-portfolio_tags-list\">\n<li><a href=\"https:\/\/www.souillacenjazz.fr\/new\/portfolio-tag\/2021\/\">2021<\/a><\/li>\n<li><a href=\"https:\/\/www.souillacenjazz.fr\/new\/portfolio-tag\/alain-cartier\/\">Alain Cartier<\/a><\/li>\n<li><a href=\"https:\/\/www.souillacenjazz.fr\/new\/portfolio-tag\/concerts\/\">concerts<\/a><\/li>\n<li><a href=\"https:\/\/www.souillacenjazz.fr\/new\/portfolio-tag\/francois-betz\/\">Fran\u00e7ois Betz<\/a><\/li>\n<li><a href=\"https:\/\/www.souillacenjazz.fr\/new\/portfolio-tag\/jean-claude-elisas\/\">Jean-Claude Elisas<\/a><\/li>\n<li><a href=\"https:\/\/www.souillacenjazz.fr\/new\/portfolio-tag\/jean-francois-peretti\/\">Jean-Fran\u00e7ois Peretti<\/a><\/li>\n<li><a href=\"https:\/\/www.souillacenjazz.fr\/new\/portfolio-tag\/photos\/\">photos<\/a><\/li>\n<\/ul>\n<\/div>\n","protected":false},"excerpt":{"rendered":"","protected":false},"author":1,"featured_media":0,"parent":0,"menu_order":0,"comment_status":"closed","ping_status":"closed","template":"","meta":{"om_disable_all_campaigns":false,"cybocfi_hide_featured_image":"","_vp_format_video_url":"","_vp_image_focal_point":[],"footnotes":""},"class_list":["post-2167","page","type-page","status-publish","hentry"],"_links":{"self":[{"href":"https:\/\/www.souillacenjazz.fr\/new\/wp-json\/wp\/v2\/pages\/2167","targetHints":{"allow":["GET"]}}],"collection":[{"href":"https:\/\/www.souillacenjazz.fr\/new\/wp-json\/wp\/v2\/pages"}],"about":[{"href":"https:\/\/www.souillacenjazz.fr\/new\/wp-json\/wp\/v2\/types\/page"}],"author":[{"embeddable":true,"href":"https:\/\/www.souillacenjazz.fr\/new\/wp-json\/wp\/v2\/users\/1"}],"replies":[{"embeddable":true,"href":"https:\/\/www.souillacenjazz.fr\/new\/wp-json\/wp\/v2\/comments?post=2167"}],"version-history":[{"count":1,"href":"https:\/\/www.souillacenjazz.fr\/new\/wp-json\/wp\/v2\/pages\/2167\/revisions"}],"predecessor-version":[{"id":2168,"href":"https:\/\/www.souillacenjazz.fr\/new\/wp-json\/wp\/v2\/pages\/2167\/revisions\/2168"}],"wp:attachment":[{"href":"https:\/\/www.souillacenjazz.fr\/new\/wp-json\/wp\/v2\/media?parent=2167"}],"curies":[{"name":"wp","href":"https:\/\/api.w.org\/{rel}","templated":true}]}}