{"id":1202,"date":"2022-03-18T18:39:57","date_gmt":"2022-03-18T17:39:57","guid":{"rendered":"https:\/\/www.souillacenjazz.fr\/new\/?page_id=1202"},"modified":"2022-12-17T23:35:20","modified_gmt":"2022-12-17T22:35:20","slug":"que-dit-la-presse-en-2015","status":"publish","type":"page","link":"https:\/\/www.souillacenjazz.fr\/new\/autour-du-festival\/la-revue-de-presse\/que-dit-la-presse-en-2015\/","title":{"rendered":"Que dit la presse en 2015 ?"},"content":{"rendered":"<div class=\"wp-block-image\">\n<figure class=\"alignleft size-full is-resized\"><img loading=\"lazy\" decoding=\"async\" src=\"https:\/\/www.souillacenjazz.fr\/new\/wp-content\/uploads\/2022\/03\/1420195933-2120.jpg\" alt=\"\" class=\"wp-image-1203\" width=\"399\" height=\"400\" srcset=\"https:\/\/www.souillacenjazz.fr\/new\/wp-content\/uploads\/2022\/03\/1420195933-2120.jpg 581w, https:\/\/www.souillacenjazz.fr\/new\/wp-content\/uploads\/2022\/03\/1420195933-2120-300x300.jpg 300w, https:\/\/www.souillacenjazz.fr\/new\/wp-content\/uploads\/2022\/03\/1420195933-2120-150x150.jpg 150w\" sizes=\"auto, (max-width: 399px) 100vw, 399px\" \/><\/figure>\n<\/div>\n\n\n<p>&nbsp;Lu dans<strong> &#8220;La d\u00e9p\u00eache du Midi&#8221; :<br><\/strong>&#8211; le 02\/01\/2015, le festival de jazz s&#8217;annonce rugissant&nbsp;&nbsp;&nbsp; &#8211;&gt; <strong><a href=\"http:\/\/www.ladepeche.fr\/article\/2015\/01\/01\/2021429-le-festival-de-jazz-s-annonce-rugissant.html\" target=\"_blank\" rel=\"noreferrer noopener\">lire l&#8217;article<\/a><\/strong><strong><br><\/strong>&#8211; le 30\/01\/2015, le jazz se porte bien et pr\u00e9pare son 40e festival &#8211;&gt; <strong><a href=\"https:\/\/www.souillacenjazz.fr\/mp_galerie\/bibliotheque\/Images\/1425984972-281.jpg\">voir l&#8217;article<\/a><\/strong>&nbsp;<br>&#8211; le 14\/04\/2015, quarante ans apr\u00e8s, le Swing Machine revient &#8211;&gt; <strong><a href=\"http:\/\/www.ladepeche.fr\/article\/2015\/04\/14\/2086874-quarante-ans-apres-le-swing-machine-revient.html\" target=\"_blank\" rel=\"noreferrer noopener\">lire l&#8217;article<\/a><\/strong><br>&#8211; le 13\/05\/2015, un festival au jazz universel &#8211;&gt; <strong><a href=\"http:\/\/www.ladepeche.fr\/article\/2015\/05\/13\/2103880-un-festival-au-jazz-universel.html\" target=\"_blank\" rel=\"noreferrer noopener\">lire l&#8217;article<\/a><\/strong><br>&#8211; le 27\/05\/2015, du jazz aux saveurs venues d&#8217;ailleurs &#8211;&gt; <a href=\"http:\/\/www.ladepeche.fr\/article\/2015\/05\/27\/2112291-du-jazz-aux-saveurs-venues-d-ailleurs.html\" target=\"_blank\" rel=\"noreferrer noopener\"><strong>lire l&#8217;article<\/strong><br><\/a>&#8211; le 12\/06\/2015, K Garrett aux racines africaines du jazz &#8211;&gt; <strong><a href=\"http:\/\/www.ladepeche.fr\/article\/2015\/06\/12\/2123198-k-garret-aux-racines-africaines-du-jazz.html\" target=\"_blank\" rel=\"noreferrer noopener\">lire l&#8217;article<\/a><br><\/strong>&#8211; le 26\/06\/2015, Le jazz dans la rue et aux saveurs du terroir &#8211;&gt;<a href=\"http:\/\/www.ladepeche.fr\/article\/2015\/06\/26\/2132350-le-jazz-dans-la-rue-et-aux-saveurs-du-terroir.html\" target=\"_blank\" rel=\"noreferrer noopener\"><strong>lire l&#8217;article<\/strong><\/a><br>&#8211; le 08\/07\/2015, Un jazz charg\u00e9 d&#8217;animations &#8211;&gt; <strong><a href=\"http:\/\/www.ladepeche.fr\/article\/2015\/07\/08\/2140255-un-jazz-charge-d-animations.html\" target=\"_blank\" rel=\"noreferrer noopener\">lire l&#8217;article<\/a><\/strong><br>&#8211; le 14\/07\/2015, 40e \u00e9dition : la promesse d&#8217;un bel anniversaire &#8211;&gt; <a href=\"http:\/\/www.ladepeche.fr\/article\/2015\/07\/14\/2143112-40e-edition-la-promesse-d-un-bel-anniversaire.html\" target=\"_blank\" rel=\"noreferrer noopener\"><strong>lire l&#8217;article<\/strong><\/a><br>&#8211; le 16\/07\/2015, Festival Souillac en Jazz : \u00abTous les artistes sont des coups de c\u0153ur\u00bb &#8211;&gt; <a href=\"http:\/\/www.ladepeche.fr\/article\/2015\/07\/16\/2144754-festival-souillac-jazz-tous-artistes-sont-coups-coeur.html\" target=\"_blank\" rel=\"noreferrer noopener\"><strong>lire l&#8217;article<\/strong><\/a><br>&#8211; le 18\/07\/2015, Voici la premi\u00e8re note du festival du jazz &#8211;&gt; <a href=\"http:\/\/www.ladepeche.fr\/article\/2015\/07\/18\/2145860-voici-la-premiere-note-du-festival-du-jazz.html\" target=\"_blank\" rel=\"noreferrer noopener\"><strong>lire l&#8217;article<\/strong><\/a><br>&#8211; le 18\/07\/2015, Le jazz de Thomas de Pourquery illuminera Souillac &#8211;&gt; <strong><a href=\"http:\/\/www.ladepeche.fr\/article\/2015\/07\/18\/2145929-le-jazz-de-thomas-de-pourquery-illuminera-souillac.html\" target=\"_blank\" rel=\"noreferrer noopener\">lire l&#8217;article<\/a><br><\/strong>&#8211; le 19\/07\/2015, L&#8217;\u00e9motion du jazz sous les \u00e9toiles &#8211;&gt; <a href=\"http:\/\/www.ladepeche.fr\/article\/2015\/07\/19\/2146155-l-emotion-du-jazz-sous-les-etoiles.html\" target=\"_blank\" rel=\"noreferrer noopener\"><strong>lire l&#8217;article<\/strong><\/a><br>&#8211; le 20\/07\/2015, Toute l&#8217;histoire du jazz souillagais en images &#8211;&gt;<a href=\"http:\/\/www.ladepeche.fr\/article\/2015\/07\/20\/2146597-toute-l-histoire-du-jazz-souillagais-en-images.html\" target=\"_blank\" rel=\"noreferrer noopener\"><strong>lire l&#8217;article<br><\/strong><\/a>&#8211; le 21\/07\/2015, \u00c9motion avec le Swing Machine Big Band &#8211;&gt; <a href=\"http:\/\/www.ladepeche.fr\/article\/2015\/07\/21\/2147200-emotion-avec-le-swing-machine-big-band.html\" target=\"_blank\" rel=\"noreferrer noopener\"><strong>lire l&#8217;article<br><\/strong><\/a>&#8211; le 22\/07\/2015, Un trio de choc et de charme &#8211;&gt; <strong><a href=\"http:\/\/www.ladepeche.fr\/article\/2015\/07\/22\/2147846-un-trio-de-choc-et-de-charme.html\" target=\"_blank\" rel=\"noreferrer noopener\">lire l&#8217;article<\/a><\/strong><br>&#8211; le 22\/07\/2015, Harpe et saxo dans la crypte &#8211;&gt; <a href=\"http:\/\/www.ladepeche.fr\/article\/2015\/07\/22\/2147572-harpe-et-saxo-dans-la-crypte.html\" target=\"_blank\" rel=\"noreferrer noopener\"><strong>lire l&#8217;article<\/strong><\/a><br>&#8211; le 22\/07\/2015, Le jazz enivre les saveurs du terroir &#8211;&gt; <a href=\"http:\/\/www.ladepeche.fr\/article\/2015\/07\/22\/2147665-le-jazz-enivre-les-saveurs-du-terroir.html\" target=\"_blank\" rel=\"noreferrer noopener\"><strong>lire l&#8217;article<\/strong><\/a><br>&#8211; le 23\/07\/2015, Souillac. Le Big Band fait un tabac &#8211;&gt; <a href=\"http:\/\/www.ladepeche.fr\/article\/2015\/07\/23\/2148252-le-big-band-fait-un-tabac.html\" target=\"_blank\" rel=\"noreferrer noopener\"><strong>lire l&#8217;article<\/strong><\/a><br>&#8211; le 23\/07\/2015, Visite pleine d&#8217;\u00e9nergie dans l&#8217;univers du jazz &#8211;&gt; <strong><a href=\"http:\/\/www.ladepeche.fr\/article\/2015\/07\/23\/2148432-visite-pleine-d-energie-dans-l-univers-du-jazz.html\" target=\"_blank\" rel=\"noreferrer noopener\">lire l&#8217;article<\/a><\/strong><br>&#8211; le 24\/07\/2015, Deux concerts pour d\u00e9cliner le jazz &#8211;&gt;<strong><a href=\"http:\/\/www.ladepeche.fr\/article\/2015\/07\/24\/2148783-deux-concerts-pour-decliner-le-jazz.html\" target=\"_blank\" rel=\"noreferrer noopener\">lire l&#8217;article<\/a><\/strong><a href=\"http:\/\/www.ladepeche.fr\/article\/2015\/07\/23\/2148252-le-big-band-fait-un-tabac.html\" target=\"_blank\" rel=\"noreferrer noopener\"><br><\/a>&#8211; le 25\/07\/2015, Kenny Garrett, un musicien au sommet de sa cr\u00e9ativit\u00e9 &#8211;&gt;<strong><a href=\"http:\/\/www.ladepeche.fr\/article\/2015\/07\/25\/2149463-kenny-garrett-un-musicien-au-sommet-de-sa-creativite.html\" target=\"_blank\" rel=\"noreferrer noopener\">lire l&#8217;article<\/a><\/strong><br>&#8211; le 26\/07\/2015, Jerry Leonide et Moutin Factory, 2 concerts inoubliables &#8211;&gt;<strong> <a href=\"http:\/\/www.ladepeche.fr\/article\/2015\/07\/26\/2149963-jerry-leonide-et-moutin-factory-2-concerts-inoubliables.html\" target=\"_blank\" rel=\"noreferrer noopener\">lire l&#8217;article<\/a><\/strong><br>&#8211; le 27\/07\/2015, La \u00abl\u00e9gende\u00bb Kenny Garrett a cl\u00f4tur\u00e9 le festival &#8211;&gt;<a href=\"http:\/\/www.ladepeche.fr\/article\/2015\/07\/27\/2150316-la-legende-kenny-garrett-a-cloture-le-festival.html\" target=\"_blank\" rel=\"noreferrer noopener\"><strong>lire l&#8217;article<\/strong><\/a><br>&#8211; le 30\/07\/2015,&nbsp;Les flots du jazz ont berc\u00e9 la Dordogne &#8211;&gt; <a href=\"http:\/\/www.ladepeche.fr\/article\/2015\/07\/30\/2152044-les-flots-du-jazz-ont-berce-la-dordogne.html\" target=\"_blank\" rel=\"noreferrer noopener\"><strong>lire l&#8217;article<\/strong><\/a><br>&#8211; le 09\/08\/2015, Souillac en Jazz ou la vie en rose &#8211;&gt; <a href=\"http:\/\/www.ladepeche.fr\/article\/2015\/08\/09\/2157070-souillac-en-jazz-ou-la-vie-en-rose.html\" target=\"_blank\" rel=\"noreferrer noopener\"><strong>lire l&#8217;article<\/strong><\/a><br>&#8211; le 30\/10\/2015, Le jazz de Didier Labb\u00e9 va ensoleiller l&#8217;hiver &#8211;&gt; <a href=\"http:\/\/www.ladepeche.fr\/article\/2015\/10\/30\/2207092-le-jazz-de-didier-labbe-va-ensoleiller-l-hiver.html\" target=\"_blank\" rel=\"noreferrer noopener\"><strong>lire l&#8217;article<\/strong><\/a><\/p>\n\n\n\n<p><br>Lu dans <strong>&#8220;La Vie Quer\u00e7ynoise&#8221;<\/strong> :<br>&#8211; le 22\/12\/2014, le festival souffle ses 40 bougies&nbsp;&nbsp;&nbsp; &#8211;&gt; <a href=\"http:\/\/www.laviequercynoise.fr\/le-festival-de-jazz-de-souillac-souffle-ses-40-bougies-27742.html\" target=\"_blank\" rel=\"noreferrer noopener\"><strong>lire l&#8217;article<\/strong><\/a><strong><br><\/strong>&#8211; le 08\/01\/2015, un sacr\u00e9 clin d&#8217;oeil au premier festival &#8211;&gt;<a href=\"https:\/\/www.souillacenjazz.fr\/mp_galerie\/bibliotheque\/Images\/1432761222-538.jpg\"><strong>voir l&#8217;article<\/strong><\/a><a href=\"https:\/\/www.souillacenjazz.fr\/mp_galerie\/bibliotheque\/Images\/1425984624-748.jpg\"><br><\/a>&#8211; le 11\/01\/2015, rencontre avec Robert Peurillou&nbsp;&nbsp; &#8211;&gt; <a href=\"http:\/\/www.laviequercynoise.fr\/rencontre-avec-robert-peyrillou-du-festival-souillac-en-jazz-40128.html\" target=\"_blank\" rel=\"noreferrer noopener\"><strong>lire l&#8217;article<\/strong><\/a><strong><br><\/strong>&#8211; le 29\/01\/2015, souillac en jazz a de beaux jours&#8230; &#8211;&gt; <a href=\"https:\/\/www.souillacenjazz.fr\/mp_galerie\/bibliotheque\/Images\/1425984624-748.jpg\"><strong>voir l&#8217;article<\/strong><\/a><br>&#8211; le 12\/02\/2015, il y a 40 ans naissait le festival de jazz &#8211;&gt; <a href=\"https:\/\/www.souillacenjazz.fr\/mp_galerie\/bibliotheque\/Images\/1425984665-365.jpg\"><strong>voir l&#8217;article<\/strong><\/a><br>&#8211; le 26\/03\/2015, soir\u00e9e m\u00e9morable au cin\u00e9ma &#8220;le Paris&#8221; &#8211;&gt; <a href=\"https:\/\/www.souillacenjazz.fr\/mp_galerie\/bibliotheque\/Images\/1427383727-821.jpg\"><strong>voir l&#8217;article<\/strong><\/a><br>&#8211; le 24\/05\/2015, un 40e festival de jazz \u00e0 l&#8217;image du premier &#8211;&gt; <a href=\"http:\/\/www.laviequercynoise.fr\/souillac-un-40e-festival-de-jazz-a-limage-du-premier-99352.html\" target=\"_blank\" rel=\"noreferrer noopener\"><strong>lire l&#8217;article<\/strong><\/a><br>&#8211; le 03\/06\/2015, le 40e anniversaire de Souillac en jazz sera f\u00eat\u00e9 dignement du 18 au 25 juillet &#8211;&gt; <a href=\"http:\/\/www.laviequercynoise.fr\/le-40e-anniversaire-de-souillac-en-jazz-sera-fete-dignement-du-18-au-25-juillet-96109.html\" target=\"_blank\" rel=\"noreferrer noopener\"><strong>lire l&#8217;article<\/strong><\/a><br>&#8211; le 09\/07\/2015, la 40e \u00e9dition du festival approche &#8211;&gt; <a href=\"https:\/\/www.souillacenjazz.fr\/mp_galerie\/bibliotheque\/Images\/1436543004-872.jpg\"><strong>voir l&#8217;article<\/strong><\/a><br>&#8211; le 19\/07\/2015, C&#8217;est parti pour le 40e festival de jazz de Souillac &#8211;&gt; <a href=\"http:\/\/www.laviequercynoise.fr\/cest-parti-pour-le-40e-festival-de-jazz-de-souillac_5866\/\" target=\"_blank\" rel=\"noreferrer noopener\"><strong>lire l&#8217;article<\/strong><\/a><br>&#8211; le 30\/07\/2015, Festival du Jazz 2015 : l\u2019heure du bilan a sonn\u00e9 &#8211;&gt; <a href=\"http:\/\/www.laviequercynoise.fr\/festival-du-jazz-2015-l%E2%80%99heure-du-bilan-a-sonne_5949\/?utm_source=rss&amp;utm_medium=rss&amp;utm_campaign=festival-du-jazz-2015-l%25e2%2580%2599heure-du-bilan-a-sonne\" target=\"_blank\" rel=\"noreferrer noopener\"><strong>lire l&#8217;article<\/strong><\/a><br>&#8211; le 29\/10\/2015, \u00ab Souillac en jazz \u00bb, programmateur des concerts de la saison 2015\/2016 &#8211;&gt; <a href=\"http:\/\/www.laviequercynoise.fr\/%C2%AB-souillac-en-jazz-%C2%BB-programmateur-des-concerts-de-la-saison-20152016_6967\/\" target=\"_blank\" rel=\"noreferrer noopener\"><strong>lire l&#8217;article<\/strong><\/a><br><br><br>Lu dans <strong>&#8220;La Montagne&#8221;<\/strong> :<br>&#8211; le 07\/01\/2015, Kenny Garrett quintet en t\u00eate d&#8217;affiche &nbsp;&nbsp; &#8211;&gt; <strong><a href=\"https:\/\/www.souillacenjazz.fr\/mp_galerie\/1420712874-1339.jpg\">voir l&#8217;article<br><\/a><\/strong>&#8211; le 27\/01\/2015, le festival de jazz en Assembl\u00e9e G\u00e9n\u00e9rale&nbsp;&nbsp; &#8211;&gt;<strong> <a href=\"https:\/\/www.souillacenjazz.fr\/mp_galerie\/bibliotheque\/Images\/1425984312-670.jpg\">voir l&#8217;article<\/a><\/strong><strong><a href=\"https:\/\/www.souillacenjazz.fr\/mp_galerie\/bibliotheque\/Images\/1425983869-726.jpg\" target=\"_blank\" rel=\"noreferrer noopener\"><br><\/a><\/strong>&#8211; le 06\/03\/2015,&nbsp;40 ans de f\u00eate pour les amoureux du jazz&nbsp; &#8211;&gt; <strong><a href=\"https:\/\/www.souillacenjazz.fr\/mp_galerie\/bibliotheque\/Images\/1425983815-706.jpg\">voir l&#8217;article<br><\/a><\/strong>&#8211; le 27\/03\/2015, Souillac en jazz pr\u00e9sente BorisVian &#8211;&gt; <a href=\"https:\/\/www.souillacenjazz.fr\/mp_galerie\/bibliotheque\/Images\/1428241767-982.jpg\"><strong>voir l&#8217;article<\/strong><\/a><br>&#8211; le 21\/07\/2015, Le jazz \u00e0 l\u2019honneur sur Radio-Pac &#8211;&gt; <a href=\"http:\/\/www.lamontagne.fr\/limousin\/actualite\/departement\/correze\/correze-local\/2015\/07\/21\/le-jazz-a-lhonneur-sur-radio-pac_11526945.html\" target=\"_blank\" rel=\"noreferrer noopener\"><strong>lire l&#8217;article<\/strong><\/a> <strong><br><br><br>Lu dans &#8220;L&#8217;\u00e9cho de la Corr\u00e8ze&#8221; :<br><\/strong>&#8211; le 10\/07\/2015, le quaranti\u00e8me rugissement &#8211;&gt; <a href=\"https:\/\/www.souillacenjazz.fr\/mp_galerie\/bibliotheque\/Images\/1436645113-804.jpg\"><strong>voir l&#8217;article<\/strong><\/a><strong><br><br>Lu dans <\/strong><strong>&#8220;Citizen Jazz&#8221; :<br><\/strong>&#8211; le 03\/08\/2015,&nbsp;40e anniversaire. Trois soir\u00e9es au pied de l\u2019abbatiale Sainte Marie &#8211;&gt; <a href=\"http:\/\/www.citizenjazz.com\/Festival-Sim-Copans-a-Souillac-Lot-du-23-au-25-juillet-2015.html\" target=\"_blank\" rel=\"noreferrer noopener\"><strong>lire l&#8217;article<\/strong><\/a>Lu dans<strong> &#8220;Die Welt&#8221;<\/strong><strong><br><\/strong>&#8211; le 14\/03\/2015, die feste und festivals in der region Midi Pyren\u00e4en &#8211;&gt; <strong><a href=\"https:\/\/www.souillacenjazz.fr\/mp_galerie\/bibliotheque\/Images\/1427383909-843.jpg\">voir l&#8217;article<\/a><\/strong><strong><br><br><\/strong>Lu dans &#8220;<strong>French news Online<\/strong>&#8220;<strong><br><\/strong>&#8211; le11\/05\/2015, Souillac Jazz Festival 2015 \u2013 40th Year of Jazz, Great Jazz, Nothing But Jazz &#8211;&gt; <a href=\"http:\/\/www.french-news-online.com\/wordpress\/?p=41055#axzz3a0mRhOgg\" target=\"_blank\" rel=\"noreferrer noopener\"><strong>lire l&#8217;article<\/strong><\/a><\/p>\n","protected":false},"excerpt":{"rendered":"<p>&nbsp;Lu dans &#8220;La d\u00e9p\u00eache du Midi&#8221; :&#8211; le 02\/01\/2015, le festival de jazz s&#8217;annonce rugissant&nbsp;&nbsp;&nbsp; &#8211;&gt; lire l&#8217;article&#8211;<\/p>\n","protected":false},"author":1,"featured_media":1133,"parent":1132,"menu_order":9,"comment_status":"closed","ping_status":"closed","template":"","meta":{"om_disable_all_campaigns":false,"cybocfi_hide_featured_image":"","_vp_format_video_url":"","_vp_image_focal_point":[],"footnotes":""},"class_list":["post-1202","page","type-page","status-publish","has-post-thumbnail","hentry"],"_links":{"self":[{"href":"https:\/\/www.souillacenjazz.fr\/new\/wp-json\/wp\/v2\/pages\/1202","targetHints":{"allow":["GET"]}}],"collection":[{"href":"https:\/\/www.souillacenjazz.fr\/new\/wp-json\/wp\/v2\/pages"}],"about":[{"href":"https:\/\/www.souillacenjazz.fr\/new\/wp-json\/wp\/v2\/types\/page"}],"author":[{"embeddable":true,"href":"https:\/\/www.souillacenjazz.fr\/new\/wp-json\/wp\/v2\/users\/1"}],"replies":[{"embeddable":true,"href":"https:\/\/www.souillacenjazz.fr\/new\/wp-json\/wp\/v2\/comments?post=1202"}],"version-history":[{"count":2,"href":"https:\/\/www.souillacenjazz.fr\/new\/wp-json\/wp\/v2\/pages\/1202\/revisions"}],"predecessor-version":[{"id":3255,"href":"https:\/\/www.souillacenjazz.fr\/new\/wp-json\/wp\/v2\/pages\/1202\/revisions\/3255"}],"up":[{"embeddable":true,"href":"https:\/\/www.souillacenjazz.fr\/new\/wp-json\/wp\/v2\/pages\/1132"}],"wp:featuredmedia":[{"embeddable":true,"href":"https:\/\/www.souillacenjazz.fr\/new\/wp-json\/wp\/v2\/media\/1133"}],"wp:attachment":[{"href":"https:\/\/www.souillacenjazz.fr\/new\/wp-json\/wp\/v2\/media?parent=1202"}],"curies":[{"name":"wp","href":"https:\/\/api.w.org\/{rel}","templated":true}]}}